{"id":6000,"date":"2025-09-22T11:26:10","date_gmt":"2025-09-22T10:26:10","guid":{"rendered":"https:\/\/www.i2en.fr\/?page_id=6000"},"modified":"2026-01-10T17:35:47","modified_gmt":"2026-01-10T16:35:47","slug":"governance-2","status":"publish","type":"page","link":"https:\/\/www.i2en.fr\/en\/governance-2\/","title":{"rendered":"Board of Directors"},"content":{"rendered":"\t\t<div data-elementor-type=\"wp-page\" data-elementor-id=\"6000\" class=\"elementor elementor-6000 elementor-5999\" data-elementor-post-type=\"page\">\n\t\t\t\t<div class=\"elementor-element elementor-element-71490d4f e-flex e-con-boxed e-con e-parent\" data-id=\"71490d4f\" data-element_type=\"container\" data-e-type=\"container\" data-settings=\"{&quot;background_background&quot;:&quot;classic&quot;}\">\n\t\t\t\t\t<div class=\"e-con-inner\">\n\t\t<div class=\"elementor-element elementor-element-64d231a7 e-flex e-con-boxed e-con e-child\" data-id=\"64d231a7\" data-element_type=\"container\" data-e-type=\"container\">\n\t\t\t\t\t<div class=\"e-con-inner\">\n\t\t\t\t<div class=\"elementor-element elementor-element-e72cbca elementor-widget elementor-widget-elementskit-heading\" data-id=\"e72cbca\" data-element_type=\"widget\" data-e-type=\"widget\" data-widget_type=\"elementskit-heading.default\">\n\t\t\t\t<div class=\"elementor-widget-container\">\n\t\t\t\t\t<div class=\"ekit-wid-con\" ><div class=\"ekit-heading elementskit-section-title-wraper text_left   ekit_heading_tablet-   ekit_heading_mobile-text_left\"><h1 class=\"ekit-heading--title elementskit-section-title \">Board of Directors<\/h1><\/div><\/div>\t\t\t\t<\/div>\n\t\t\t\t<\/div>\n\t\t\t\t\t<\/div>\n\t\t\t\t<\/div>\n\t\t\t\t\t<\/div>\n\t\t\t\t<\/div>\n\t\t<div class=\"elementor-element elementor-element-4a0f8ec e-flex e-con-boxed e-con e-parent\" data-id=\"4a0f8ec\" data-element_type=\"container\" data-e-type=\"container\">\n\t\t\t\t\t<div class=\"e-con-inner\">\n\t\t\t\t<div class=\"elementor-element elementor-element-5516066 elementor-widget elementor-widget-heading\" data-id=\"5516066\" data-element_type=\"widget\" data-e-type=\"widget\" data-widget_type=\"heading.default\">\n\t\t\t\t<div class=\"elementor-widget-container\">\n\t\t\t\t\t<h2 class=\"elementor-heading-title elementor-size-default\">Functioning<\/h2>\t\t\t\t<\/div>\n\t\t\t\t<\/div>\n\t\t\t\t<div class=\"elementor-element elementor-element-9e62d6c elementor-widget elementor-widget-text-editor\" data-id=\"9e62d6c\" data-element_type=\"widget\" data-e-type=\"widget\" data-widget_type=\"text-editor.default\">\n\t\t\t\t<div class=\"elementor-widget-container\">\n\t\t\t\t\t\t\t\t\t<p><img fetchpriority=\"high\" decoding=\"async\" class=\"alignright wp-image-955 size-medium\" src=\"https:\/\/www.i2en.fr\/wp-content\/uploads\/2024\/12\/woman-presenting-project-digital-tablet-300x200.jpg\" alt=\"\" width=\"300\" height=\"200\" srcset=\"https:\/\/www.i2en.fr\/wp-content\/uploads\/2024\/12\/woman-presenting-project-digital-tablet-300x200.jpg 300w, https:\/\/www.i2en.fr\/wp-content\/uploads\/2024\/12\/woman-presenting-project-digital-tablet-1024x683.jpg 1024w, https:\/\/www.i2en.fr\/wp-content\/uploads\/2024\/12\/woman-presenting-project-digital-tablet-768x512.jpg 768w, https:\/\/www.i2en.fr\/wp-content\/uploads\/2024\/12\/woman-presenting-project-digital-tablet-1536x1024.jpg 1536w, https:\/\/www.i2en.fr\/wp-content\/uploads\/2024\/12\/woman-presenting-project-digital-tablet-2048x1365.jpg 2048w\" sizes=\"(max-width: 300px) 100vw, 300px\" \/><\/p><p>The Board of Directors is the governing body that oversees and guides the institute&#8217;s strategy, representing the interests of its members and other stakeholders, such as partners. Its main functions are as follows:<\/p><div id=\"model-response-message-contentr_823d85a08a07b975\" class=\"markdown markdown-main-panel enable-updated-hr-color\" dir=\"ltr\"><ul><li><p><b>Strategic Direction<\/b>: It works with the executive team to define the institute&#8217;s long-term vision, mission, and strategic objectives. This includes approving major action plans, the budget, and significant decisions. <\/p><\/li><li><p><strong>Member Admission<\/strong>: It decides on the admission or exclusion of a member, in accordance with the conditions set out in the internal regulations or the partnership charter.<\/p><\/li><li><p><b>Oversight and Accountability<\/b>: The board monitors the performance of the executive management. It has the authority to appoint, evaluate, and dismiss the CEO. It also ensures that the company is financially sound, effectively manages risks, and complies with all legal and ethical standards.  <\/p><\/li><li><p><b>Devoir fiduciaire<\/b> : Les membres du conseil ont la responsabilit\u00e9 l\u00e9gale et \u00e9thique d&#8217;agir dans le meilleur int\u00e9r\u00eat de l&#8217;association et de ses membres. Cela signifie qu&#8217;ils doivent prendre des d\u00e9cisions \u00e9clair\u00e9es, diligentes et loyales, et \u00e9viter les conflits d&#8217;int\u00e9r\u00eats. <\/p><\/li><\/ul><p>In essence, while the management team is responsible for daily operations, the board provides high-level direction, oversight, and governance to ensure the company is managed effectively and responsibly for the long-term benefit of its owners and stakeholders.<\/p><\/div>\t\t\t\t\t\t\t\t<\/div>\n\t\t\t\t<\/div>\n\t\t\t\t<div class=\"elementor-element elementor-element-624a9ea elementor-widget elementor-widget-heading\" data-id=\"624a9ea\" data-element_type=\"widget\" data-e-type=\"widget\" data-widget_type=\"heading.default\">\n\t\t\t\t<div class=\"elementor-widget-container\">\n\t\t\t\t\t<h2 class=\"elementor-heading-title elementor-size-default\">Composition<\/h2>\t\t\t\t<\/div>\n\t\t\t\t<\/div>\n\t\t\t\t\t<\/div>\n\t\t\t\t<\/div>\n\t\t<div class=\"elementor-element elementor-element-5ca6bd5 e-grid e-con-boxed e-con e-parent\" data-id=\"5ca6bd5\" data-element_type=\"container\" data-e-type=\"container\">\n\t\t\t\t\t<div class=\"e-con-inner\">\n\t\t\t\t<div class=\"elementor-element elementor-element-5004e12 elementor-widget elementor-widget-elementskit-team\" data-id=\"5004e12\" data-element_type=\"widget\" data-e-type=\"widget\" data-widget_type=\"elementskit-team.default\">\n\t\t\t\t<div class=\"elementor-widget-container\">\n\t\t\t\t\t<div class=\"ekit-wid-con\">\t\t\t\t\t\t\t\t\n\t\t<div class=\"profile-card elementor-animation- text-center ekit-team-style-default\">\n\t\t\t\t\t\t\t<a aria-label=\"profile\" href=\"javascript:void(0)\" data-mfp-src=\"#ekit_team_modal_5004e12_6000\" class=\"ekit-team-popup\">\n\t\t\t\n\t\t\t\t<div class=\"profile-header ekit-team-img ekit-img-overlay ekit-team-img-block\"  data-toggle=\"modal\" data-target=\"ekit_team_modal_#5004e12_6000\" >\n\t\t\t\t\t<img decoding=\"async\" width=\"235\" height=\"300\" src=\"https:\/\/www.i2en.fr\/wp-content\/uploads\/2025\/09\/Berger-2025-1-235x300.png\" class=\"attachment-medium size-medium wp-image-6112\" alt=\"Vincent Berger\" srcset=\"https:\/\/www.i2en.fr\/wp-content\/uploads\/2025\/09\/Berger-2025-1-235x300.png 235w, https:\/\/www.i2en.fr\/wp-content\/uploads\/2025\/09\/Berger-2025-1.png 387w\" sizes=\"(max-width: 235px) 100vw, 235px\" \/>\t\t\t\t<\/div><!-- .profile-header END -->\n\t\t\t\t\t\t\t<\/a>\n\t\t\t\n\n\t\t\t\t<div class=\"profile-body\">\n\t\t\t\t\t\n\t\t\t\t\t<h2 class=\"profile-title\">\n\t\t\t\t\t\t\t\t\t\t\t<a aria-label=\"profile\" href=\"javascript:void(0)\" data-mfp-src=\"#ekit_team_modal_5004e12_6000\" class=\"ekit-team-popup\">\n\t\t\t\t\t\tVincent Berger\t\t\t\t\t\t<\/a>\n\t\t\t\t\t\t\t\t\t\t\t<\/h2>\n\t\t\t\t\t<p class=\"profile-designation\">High-commissionar of Atomic Energy (SGDSN), President of the Committee (I2EN)<\/p>\n\t\t\t\t\t\t\t\t\t<\/div><!-- .profile-body END -->\n\n\t\t\t\t\t\t\t\t<\/div>\n\t\t\t\t\t\t\t\n\t\t\t\n\t\t\t\t\t<div class=\"zoom-anim-dialog mfp-hide elementskit-team-popup team-popup-id-5004e12\" id=\"ekit_team_modal_5004e12_6000\" tabindex=\"-1\" role=\"dialog\" aria-modal=\"true\">\n\t\t\t\t<div class=\"modal-dialog modal-dialog-centered\" role=\"document\">\n\t\t\t\t\t<div class=\"modal-content\">\n\t\t\t\t\t\t<button type=\"button\" class=\"ekit-team-modal-close\">\n\t\t\t\t\t\t\t<svg aria-hidden=\"true\" class=\"e-font-icon-svg e-fas-times\" viewBox=\"0 0 352 512\" xmlns=\"http:\/\/www.w3.org\/2000\/svg\"><path d=\"M242.72 256l100.07-100.07c12.28-12.28 12.28-32.19 0-44.48l-22.24-22.24c-12.28-12.28-32.19-12.28-44.48 0L176 189.28 75.93 89.21c-12.28-12.28-32.19-12.28-44.48 0L9.21 111.45c-12.28 12.28-12.28 32.19 0 44.48L109.28 256 9.21 356.07c-12.28 12.28-12.28 32.19 0 44.48l22.24 22.24c12.28 12.28 32.2 12.28 44.48 0L176 322.72l100.07 100.07c12.28 12.28 32.2 12.28 44.48 0l22.24-22.24c12.28-12.28 12.28-32.19 0-44.48L242.72 256z\"><\/path><\/svg>\t\t\t\t\t\t<\/button>\n\n\t\t\t\t\t\t<div class=\"modal-body\">\n\t\t\t\t\t\t\t\t\t\t\t\t\t\t\t<div class=\"ekit-team-modal-img\">\n\t\t\t\t\t\t\t\t\t<img decoding=\"async\" width=\"235\" height=\"300\" src=\"https:\/\/www.i2en.fr\/wp-content\/uploads\/2025\/09\/Berger-2025-1-235x300.png\" class=\"attachment-medium size-medium wp-image-6112\" alt=\"Vincent Berger\" srcset=\"https:\/\/www.i2en.fr\/wp-content\/uploads\/2025\/09\/Berger-2025-1-235x300.png 235w, https:\/\/www.i2en.fr\/wp-content\/uploads\/2025\/09\/Berger-2025-1.png 387w\" sizes=\"(max-width: 235px) 100vw, 235px\" \/>\t\t\t\t\t\t\t\t<\/div>\n\t\t\t\t\t\t\t\n\t\t\t\t\t\t\t<div class=\"ekit-team-modal-info has-img\">\n\t\t\t\t\t\t\t\t<h2 class=\"ekit-team-modal-title\">Vincent Berger<\/h2>\n\t\t\t\t\t\t\t\t<p class=\"ekit-team-modal-position\">High-commissionar of Atomic Energy (SGDSN), President of the Committee (I2EN)<\/p>\n\n\t\t\t\t\t\t\t\t<div class=\"ekit-team-modal-content\">\n\t\t\t\t\t\t\t\t\tVincent Berger is a renowned French physicist and engineer specializing in nuclear energy. He was appointed High Commissioner for Atomic Energy in September 2023. A graduate of the \u00c9cole Normale Sup\u00e9rieure (ULM) with a Ph.D. in physics, his career is marked by significant contributions to advanced nuclear technologies in research and development. Prior to his appointment, he held various leadership roles at CEA, significantly impacting defense and civilian research programs. His appointment as High Commissioner reflects his expertise and strategic vision for the future of the French nuclear sector. His work focuses on innovation, nuclear safety, and exploring new applications of atomic energy.      \t\t\t\t\t\t\t\t<\/div>\n\n\t\t\t\t\t\t\t\t\n\t\t\t\t\t\t\t\t\t\t\t\t\t\t\t<\/div>\n\t\t\t\t\t\t<\/div>\n\t\t\t\t\t<\/div>\n\t\t\t\t<\/div>\n\t\t\t<\/div>\n\t\t\t\t<\/div>\t\t\t\t<\/div>\n\t\t\t\t<\/div>\n\t\t\t\t<div class=\"elementor-element elementor-element-977f816 elementor-widget elementor-widget-elementskit-team\" data-id=\"977f816\" data-element_type=\"widget\" data-e-type=\"widget\" data-widget_type=\"elementskit-team.default\">\n\t\t\t\t<div class=\"elementor-widget-container\">\n\t\t\t\t\t<div class=\"ekit-wid-con\">\t\t\t\t\t\t\t\t\n\t\t<div class=\"profile-card elementor-animation- text-center ekit-team-style-default\">\n\t\t\t\t\t\t\t<a aria-label=\"profile\" href=\"javascript:void(0)\" data-mfp-src=\"#ekit_team_modal_977f816_6000\" class=\"ekit-team-popup\">\n\t\t\t\n\t\t\t\t<div class=\"profile-header ekit-team-img ekit-img-overlay ekit-team-img-block\"  data-toggle=\"modal\" data-target=\"ekit_team_modal_#977f816_6000\" >\n\t\t\t\t\t<img decoding=\"async\" width=\"298\" height=\"300\" src=\"https:\/\/www.i2en.fr\/wp-content\/uploads\/2025\/09\/Lamri-Adoui-298x300.png\" class=\"attachment-medium size-medium wp-image-6162\" alt=\"Lamri Adoui\" srcset=\"https:\/\/www.i2en.fr\/wp-content\/uploads\/2025\/09\/Lamri-Adoui-298x300.png 298w, https:\/\/www.i2en.fr\/wp-content\/uploads\/2025\/09\/Lamri-Adoui-1017x1024.png 1017w, https:\/\/www.i2en.fr\/wp-content\/uploads\/2025\/09\/Lamri-Adoui-150x150.png 150w, https:\/\/www.i2en.fr\/wp-content\/uploads\/2025\/09\/Lamri-Adoui-768x773.png 768w, https:\/\/www.i2en.fr\/wp-content\/uploads\/2025\/09\/Lamri-Adoui.png 1196w\" sizes=\"(max-width: 298px) 100vw, 298px\" \/>\t\t\t\t<\/div><!-- .profile-header END -->\n\t\t\t\t\t\t\t<\/a>\n\t\t\t\n\n\t\t\t\t<div class=\"profile-body\">\n\t\t\t\t\t\n\t\t\t\t\t<h2 class=\"profile-title\">\n\t\t\t\t\t\t\t\t\t\t\t<a aria-label=\"profile\" href=\"javascript:void(0)\" data-mfp-src=\"#ekit_team_modal_977f816_6000\" class=\"ekit-team-popup\">\n\t\t\t\t\t\tLamry Adoui\t\t\t\t\t\t<\/a>\n\t\t\t\t\t\t\t\t\t\t\t<\/h2>\n\t\t\t\t\t<p class=\"profile-designation\">President (France Universit\u00e9s)<\/p>\n\t\t\t\t\t\t\t\t\t<\/div><!-- .profile-body END -->\n\n\t\t\t\t\t\t\t\t<\/div>\n\t\t\t\t\t\t\t\n\t\t\t\n\t\t\t\t\t<div class=\"zoom-anim-dialog mfp-hide elementskit-team-popup team-popup-id-977f816\" id=\"ekit_team_modal_977f816_6000\" tabindex=\"-1\" role=\"dialog\" aria-modal=\"true\">\n\t\t\t\t<div class=\"modal-dialog modal-dialog-centered\" role=\"document\">\n\t\t\t\t\t<div class=\"modal-content\">\n\t\t\t\t\t\t<button type=\"button\" class=\"ekit-team-modal-close\">\n\t\t\t\t\t\t\t<svg aria-hidden=\"true\" class=\"e-font-icon-svg e-fas-times\" viewBox=\"0 0 352 512\" xmlns=\"http:\/\/www.w3.org\/2000\/svg\"><path d=\"M242.72 256l100.07-100.07c12.28-12.28 12.28-32.19 0-44.48l-22.24-22.24c-12.28-12.28-32.19-12.28-44.48 0L176 189.28 75.93 89.21c-12.28-12.28-32.19-12.28-44.48 0L9.21 111.45c-12.28 12.28-12.28 32.19 0 44.48L109.28 256 9.21 356.07c-12.28 12.28-12.28 32.19 0 44.48l22.24 22.24c12.28 12.28 32.2 12.28 44.48 0L176 322.72l100.07 100.07c12.28 12.28 32.2 12.28 44.48 0l22.24-22.24c12.28-12.28 12.28-32.19 0-44.48L242.72 256z\"><\/path><\/svg>\t\t\t\t\t\t<\/button>\n\n\t\t\t\t\t\t<div class=\"modal-body\">\n\t\t\t\t\t\t\t\t\t\t\t\t\t\t\t<div class=\"ekit-team-modal-img\">\n\t\t\t\t\t\t\t\t\t<img decoding=\"async\" width=\"298\" height=\"300\" src=\"https:\/\/www.i2en.fr\/wp-content\/uploads\/2025\/09\/Lamri-Adoui-298x300.png\" class=\"attachment-medium size-medium wp-image-6162\" alt=\"Lamri Adoui\" srcset=\"https:\/\/www.i2en.fr\/wp-content\/uploads\/2025\/09\/Lamri-Adoui-298x300.png 298w, https:\/\/www.i2en.fr\/wp-content\/uploads\/2025\/09\/Lamri-Adoui-1017x1024.png 1017w, https:\/\/www.i2en.fr\/wp-content\/uploads\/2025\/09\/Lamri-Adoui-150x150.png 150w, https:\/\/www.i2en.fr\/wp-content\/uploads\/2025\/09\/Lamri-Adoui-768x773.png 768w, https:\/\/www.i2en.fr\/wp-content\/uploads\/2025\/09\/Lamri-Adoui.png 1196w\" sizes=\"(max-width: 298px) 100vw, 298px\" \/>\t\t\t\t\t\t\t\t<\/div>\n\t\t\t\t\t\t\t\n\t\t\t\t\t\t\t<div class=\"ekit-team-modal-info has-img\">\n\t\t\t\t\t\t\t\t<h2 class=\"ekit-team-modal-title\">Lamry Adoui<\/h2>\n\t\t\t\t\t\t\t\t<p class=\"ekit-team-modal-position\">President (France Universit\u00e9s)<\/p>\n\n\t\t\t\t\t\t\t\t<div class=\"ekit-team-modal-content\">\n\t\t\t\t\t\t\t\t\tLamri Adoui has been a professor of atomic physics at the University of Caen Normandy since 1995 and has served as its president since December 2020, being re-elected in 2024. He was Vice President for Research at the University of Caen from 2012 to 2015 and then President of the Normandy Universities Community (COMUE) from 2015 to 2020. Holding a doctorate in quantum physics and specializing in the dynamics of molecular systems, he leads research teams involved in major international infrastructures such as ion accelerators and synchrotron radiation facilities. In January 2025, Lamri Adoui was elected President of France Universit\u00e9s, the association of French universities. He is recognized for his commitment to university governance, research, and innovation in the physical sciences.    \t\t\t\t\t\t\t\t<\/div>\n\n\t\t\t\t\t\t\t\t\n\t\t\t\t\t\t\t\t\t\t\t\t\t\t\t<\/div>\n\t\t\t\t\t\t<\/div>\n\t\t\t\t\t<\/div>\n\t\t\t\t<\/div>\n\t\t\t<\/div>\n\t\t\t\t<\/div>\t\t\t\t<\/div>\n\t\t\t\t<\/div>\n\t\t\t\t<div class=\"elementor-element elementor-element-f33e6dc elementor-widget elementor-widget-elementskit-team\" data-id=\"f33e6dc\" data-element_type=\"widget\" data-e-type=\"widget\" data-widget_type=\"elementskit-team.default\">\n\t\t\t\t<div class=\"elementor-widget-container\">\n\t\t\t\t\t<div class=\"ekit-wid-con\">\t\t\t\t\t\t\t\t\n\t\t<div class=\"profile-card elementor-animation- text-center ekit-team-style-default\">\n\t\t\t\t\t\t\t<a aria-label=\"profile\" href=\"javascript:void(0)\" data-mfp-src=\"#ekit_team_modal_f33e6dc_6000\" class=\"ekit-team-popup\">\n\t\t\t\n\t\t\t\t<div class=\"profile-header ekit-team-img ekit-img-overlay ekit-team-img-block\"  data-toggle=\"modal\" data-target=\"ekit_team_modal_#f33e6dc_6000\" >\n\t\t\t\t\t<img loading=\"lazy\" decoding=\"async\" width=\"232\" height=\"201\" src=\"https:\/\/www.i2en.fr\/wp-content\/uploads\/2025\/09\/Marie-Agnes-Berche.png\" class=\"attachment-medium size-medium wp-image-6139\" alt=\"Marie-Agn\u00e8s Berche\" \/>\t\t\t\t<\/div><!-- .profile-header END -->\n\t\t\t\t\t\t\t<\/a>\n\t\t\t\n\n\t\t\t\t<div class=\"profile-body\">\n\t\t\t\t\t\n\t\t\t\t\t<h2 class=\"profile-title\">\n\t\t\t\t\t\t\t\t\t\t\t<a aria-label=\"profile\" href=\"javascript:void(0)\" data-mfp-src=\"#ekit_team_modal_f33e6dc_6000\" class=\"ekit-team-popup\">\n\t\t\t\t\t\tMarie-Agn\u00e8s Berche\t\t\t\t\t\t<\/a>\n\t\t\t\t\t\t\t\t\t\t\t<\/h2>\n\t\t\t\t\t<p class=\"profile-designation\">Senior Executive in Business Development (EDF SA - DDNI)<\/p>\n\t\t\t\t\t\t\t\t\t<\/div><!-- .profile-body END -->\n\n\t\t\t\t\t\t\t\t<\/div>\n\t\t\t\t\t\t\t\n\t\t\t\n\t\t\t\t\t<div class=\"zoom-anim-dialog mfp-hide elementskit-team-popup team-popup-id-f33e6dc\" id=\"ekit_team_modal_f33e6dc_6000\" tabindex=\"-1\" role=\"dialog\" aria-modal=\"true\">\n\t\t\t\t<div class=\"modal-dialog modal-dialog-centered\" role=\"document\">\n\t\t\t\t\t<div class=\"modal-content\">\n\t\t\t\t\t\t<button type=\"button\" class=\"ekit-team-modal-close\">\n\t\t\t\t\t\t\t<svg aria-hidden=\"true\" class=\"e-font-icon-svg e-fas-times\" viewBox=\"0 0 352 512\" xmlns=\"http:\/\/www.w3.org\/2000\/svg\"><path d=\"M242.72 256l100.07-100.07c12.28-12.28 12.28-32.19 0-44.48l-22.24-22.24c-12.28-12.28-32.19-12.28-44.48 0L176 189.28 75.93 89.21c-12.28-12.28-32.19-12.28-44.48 0L9.21 111.45c-12.28 12.28-12.28 32.19 0 44.48L109.28 256 9.21 356.07c-12.28 12.28-12.28 32.19 0 44.48l22.24 22.24c12.28 12.28 32.2 12.28 44.48 0L176 322.72l100.07 100.07c12.28 12.28 32.2 12.28 44.48 0l22.24-22.24c12.28-12.28 12.28-32.19 0-44.48L242.72 256z\"><\/path><\/svg>\t\t\t\t\t\t<\/button>\n\n\t\t\t\t\t\t<div class=\"modal-body\">\n\t\t\t\t\t\t\t\t\t\t\t\t\t\t\t<div class=\"ekit-team-modal-img\">\n\t\t\t\t\t\t\t\t\t<img loading=\"lazy\" decoding=\"async\" width=\"232\" height=\"201\" src=\"https:\/\/www.i2en.fr\/wp-content\/uploads\/2025\/09\/Marie-Agnes-Berche.png\" class=\"attachment-medium size-medium wp-image-6139\" alt=\"Marie-Agn\u00e8s Berche\" \/>\t\t\t\t\t\t\t\t<\/div>\n\t\t\t\t\t\t\t\n\t\t\t\t\t\t\t<div class=\"ekit-team-modal-info has-img\">\n\t\t\t\t\t\t\t\t<h2 class=\"ekit-team-modal-title\">Marie-Agn\u00e8s Berche<\/h2>\n\t\t\t\t\t\t\t\t<p class=\"ekit-team-modal-position\">Senior Executive in Business Development (EDF SA - DDNI)<\/p>\n\n\t\t\t\t\t\t\t\t<div class=\"ekit-team-modal-content\">\n\t\t\t\t\t\t\t\t\tMarie-Agn\u00e8s Berche is a senior executive at EDF, serving as Director of Business Development for new nuclear, particularly on the international front. With extensive experience in management, development, and project management within various EDF entities, she actively contributes to the French nuclear fleet's development strategy and to European and international cooperation. She plays a key role in promoting third-generation reactors (EPR and EPR2) and small modular reactors (Nuward), steering EDF's growth and partnerships across many countries in Europe and beyond. Her expertise positions her as a vital figure in the revival of civil nuclear energy, team training, and industrial integration related to major projects in the sector.   \t\t\t\t\t\t\t\t<\/div>\n\n\t\t\t\t\t\t\t\t\n\t\t\t\t\t\t\t\t\t\t\t\t\t\t\t<\/div>\n\t\t\t\t\t\t<\/div>\n\t\t\t\t\t<\/div>\n\t\t\t\t<\/div>\n\t\t\t<\/div>\n\t\t\t\t<\/div>\t\t\t\t<\/div>\n\t\t\t\t<\/div>\n\t\t\t\t<div class=\"elementor-element elementor-element-939e27b elementor-widget elementor-widget-elementskit-team\" data-id=\"939e27b\" data-element_type=\"widget\" data-e-type=\"widget\" data-widget_type=\"elementskit-team.default\">\n\t\t\t\t<div class=\"elementor-widget-container\">\n\t\t\t\t\t<div class=\"ekit-wid-con\">\t\t\t\t\t\t\t\t\n\t\t<div class=\"profile-card elementor-animation- text-center ekit-team-style-default\">\n\t\t\t\t\t\t\t<a aria-label=\"profile\" href=\"javascript:void(0)\" data-mfp-src=\"#ekit_team_modal_939e27b_6000\" class=\"ekit-team-popup\">\n\t\t\t\n\t\t\t\t<div class=\"profile-header ekit-team-img ekit-img-overlay ekit-team-img-block\"  data-toggle=\"modal\" data-target=\"ekit_team_modal_#939e27b_6000\" >\n\t\t\t\t\t<img loading=\"lazy\" decoding=\"async\" width=\"166\" height=\"170\" src=\"https:\/\/www.i2en.fr\/wp-content\/uploads\/2025\/09\/Boubakar.png\" class=\"attachment-medium size-medium wp-image-6131\" alt=\"Lamine Boubakar\" \/>\t\t\t\t<\/div><!-- .profile-header END -->\n\t\t\t\t\t\t\t<\/a>\n\t\t\t\n\n\t\t\t\t<div class=\"profile-body\">\n\t\t\t\t\t\n\t\t\t\t\t<h2 class=\"profile-title\">\n\t\t\t\t\t\t\t\t\t\t\t<a aria-label=\"profile\" href=\"javascript:void(0)\" data-mfp-src=\"#ekit_team_modal_939e27b_6000\" class=\"ekit-team-popup\">\n\t\t\t\t\t\tLamine Boubakar\t\t\t\t\t\t<\/a>\n\t\t\t\t\t\t\t\t\t\t\t<\/h2>\n\t\t\t\t\t<p class=\"profile-designation\">Scientific Advisor (MESR - DGESIP)<\/p>\n\t\t\t\t\t\t\t\t\t<\/div><!-- .profile-body END -->\n\n\t\t\t\t\t\t\t\t<\/div>\n\t\t\t\t\t\t\t\n\t\t\t\n\t\t\t\t\t<div class=\"zoom-anim-dialog mfp-hide elementskit-team-popup team-popup-id-939e27b\" id=\"ekit_team_modal_939e27b_6000\" tabindex=\"-1\" role=\"dialog\" aria-modal=\"true\">\n\t\t\t\t<div class=\"modal-dialog modal-dialog-centered\" role=\"document\">\n\t\t\t\t\t<div class=\"modal-content\">\n\t\t\t\t\t\t<button type=\"button\" class=\"ekit-team-modal-close\">\n\t\t\t\t\t\t\t<svg aria-hidden=\"true\" class=\"e-font-icon-svg e-fas-times\" viewBox=\"0 0 352 512\" xmlns=\"http:\/\/www.w3.org\/2000\/svg\"><path d=\"M242.72 256l100.07-100.07c12.28-12.28 12.28-32.19 0-44.48l-22.24-22.24c-12.28-12.28-32.19-12.28-44.48 0L176 189.28 75.93 89.21c-12.28-12.28-32.19-12.28-44.48 0L9.21 111.45c-12.28 12.28-12.28 32.19 0 44.48L109.28 256 9.21 356.07c-12.28 12.28-12.28 32.19 0 44.48l22.24 22.24c12.28 12.28 32.2 12.28 44.48 0L176 322.72l100.07 100.07c12.28 12.28 32.2 12.28 44.48 0l22.24-22.24c12.28-12.28 12.28-32.19 0-44.48L242.72 256z\"><\/path><\/svg>\t\t\t\t\t\t<\/button>\n\n\t\t\t\t\t\t<div class=\"modal-body\">\n\t\t\t\t\t\t\t\t\t\t\t\t\t\t\t<div class=\"ekit-team-modal-img\">\n\t\t\t\t\t\t\t\t\t<img loading=\"lazy\" decoding=\"async\" width=\"166\" height=\"170\" src=\"https:\/\/www.i2en.fr\/wp-content\/uploads\/2025\/09\/Boubakar.png\" class=\"attachment-medium size-medium wp-image-6131\" alt=\"Lamine Boubakar\" \/>\t\t\t\t\t\t\t\t<\/div>\n\t\t\t\t\t\t\t\n\t\t\t\t\t\t\t<div class=\"ekit-team-modal-info has-img\">\n\t\t\t\t\t\t\t\t<h2 class=\"ekit-team-modal-title\">Lamine Boubakar<\/h2>\n\t\t\t\t\t\t\t\t<p class=\"ekit-team-modal-position\">Scientific Advisor (MESR - DGESIP)<\/p>\n\n\t\t\t\t\t\t\t\t<div class=\"ekit-team-modal-content\">\n\t\t\t\t\t\t\t\t\tLamine Boubakar is a professor at the University of Franche-Comt\u00e9, specializing in physical mechanics, and also serves as a scientific advisor to the Directorate General of Higher Education and Professional Integration (DGESIP) at the Ministry of Higher Education and Research (MESR). He has served as Vice President of Research at UFC and as president of the inter-university network Figure, highlighting his commitment to shaping scientific education in France. He has also taken on interim administrative roles at the University of Burgundy Franche-Comt\u00e9 (UBFC) and the ENS of Lyon. His career is marked by the management of complex projects in higher education, promoting the synergy between education and research, and a strong commitment to pedagogical innovation in support of the public policies of the MESR.   \t\t\t\t\t\t\t\t<\/div>\n\n\t\t\t\t\t\t\t\t\n\t\t\t\t\t\t\t\t\t\t\t\t\t\t\t<\/div>\n\t\t\t\t\t\t<\/div>\n\t\t\t\t\t<\/div>\n\t\t\t\t<\/div>\n\t\t\t<\/div>\n\t\t\t\t<\/div>\t\t\t\t<\/div>\n\t\t\t\t<\/div>\n\t\t\t\t<div class=\"elementor-element elementor-element-8dc57cb elementor-widget elementor-widget-elementskit-team\" data-id=\"8dc57cb\" data-element_type=\"widget\" data-e-type=\"widget\" data-widget_type=\"elementskit-team.default\">\n\t\t\t\t<div class=\"elementor-widget-container\">\n\t\t\t\t\t<div class=\"ekit-wid-con\">\t\t\t\t\t\t\t\t\n\t\t<div class=\"profile-card elementor-animation- text-center ekit-team-style-default\">\n\t\t\t\t\t\t\t<a aria-label=\"profile\" href=\"javascript:void(0)\" data-mfp-src=\"#ekit_team_modal_8dc57cb_6000\" class=\"ekit-team-popup\">\n\t\t\t\n\t\t\t\t<div class=\"profile-header ekit-team-img ekit-img-overlay ekit-team-img-block\"  data-toggle=\"modal\" data-target=\"ekit_team_modal_#8dc57cb_6000\" >\n\t\t\t\t\t<img loading=\"lazy\" decoding=\"async\" width=\"300\" height=\"289\" src=\"https:\/\/www.i2en.fr\/wp-content\/uploads\/2025\/09\/Guillaume-Bouyt-300x289.png\" class=\"attachment-medium size-medium wp-image-6119\" alt=\"\" srcset=\"https:\/\/www.i2en.fr\/wp-content\/uploads\/2025\/09\/Guillaume-Bouyt-300x289.png 300w, https:\/\/www.i2en.fr\/wp-content\/uploads\/2025\/09\/Guillaume-Bouyt-768x740.png 768w, https:\/\/www.i2en.fr\/wp-content\/uploads\/2025\/09\/Guillaume-Bouyt.png 978w\" sizes=\"(max-width: 300px) 100vw, 300px\" \/>\t\t\t\t<\/div><!-- .profile-header END -->\n\t\t\t\t\t\t\t<\/a>\n\t\t\t\n\n\t\t\t\t<div class=\"profile-body\">\n\t\t\t\t\t\n\t\t\t\t\t<h2 class=\"profile-title\">\n\t\t\t\t\t\t\t\t\t\t\t<a aria-label=\"profile\" href=\"javascript:void(0)\" data-mfp-src=\"#ekit_team_modal_8dc57cb_6000\" class=\"ekit-team-popup\">\n\t\t\t\t\t\tGuillaume Bouyt\t\t\t\t\t\t<\/a>\n\t\t\t\t\t\t\t\t\t\t\t<\/h2>\n\t\t\t\t\t<p class=\"profile-designation\">Deputy Director of Nuclear Industry (DGEC)<\/p>\n\t\t\t\t\t\t\t\t\t<\/div><!-- .profile-body END -->\n\n\t\t\t\t\t\t\t\t<\/div>\n\t\t\t\t\t\t\t\n\t\t\t\n\t\t\t\t\t<div class=\"zoom-anim-dialog mfp-hide elementskit-team-popup team-popup-id-8dc57cb\" id=\"ekit_team_modal_8dc57cb_6000\" tabindex=\"-1\" role=\"dialog\" aria-modal=\"true\">\n\t\t\t\t<div class=\"modal-dialog modal-dialog-centered\" role=\"document\">\n\t\t\t\t\t<div class=\"modal-content\">\n\t\t\t\t\t\t<button type=\"button\" class=\"ekit-team-modal-close\">\n\t\t\t\t\t\t\t<svg aria-hidden=\"true\" class=\"e-font-icon-svg e-fas-times\" viewBox=\"0 0 352 512\" xmlns=\"http:\/\/www.w3.org\/2000\/svg\"><path d=\"M242.72 256l100.07-100.07c12.28-12.28 12.28-32.19 0-44.48l-22.24-22.24c-12.28-12.28-32.19-12.28-44.48 0L176 189.28 75.93 89.21c-12.28-12.28-32.19-12.28-44.48 0L9.21 111.45c-12.28 12.28-12.28 32.19 0 44.48L109.28 256 9.21 356.07c-12.28 12.28-12.28 32.19 0 44.48l22.24 22.24c12.28 12.28 32.2 12.28 44.48 0L176 322.72l100.07 100.07c12.28 12.28 32.2 12.28 44.48 0l22.24-22.24c12.28-12.28 12.28-32.19 0-44.48L242.72 256z\"><\/path><\/svg>\t\t\t\t\t\t<\/button>\n\n\t\t\t\t\t\t<div class=\"modal-body\">\n\t\t\t\t\t\t\t\t\t\t\t\t\t\t\t<div class=\"ekit-team-modal-img\">\n\t\t\t\t\t\t\t\t\t<img loading=\"lazy\" decoding=\"async\" width=\"300\" height=\"289\" src=\"https:\/\/www.i2en.fr\/wp-content\/uploads\/2025\/09\/Guillaume-Bouyt-300x289.png\" class=\"attachment-medium size-medium wp-image-6119\" alt=\"\" srcset=\"https:\/\/www.i2en.fr\/wp-content\/uploads\/2025\/09\/Guillaume-Bouyt-300x289.png 300w, https:\/\/www.i2en.fr\/wp-content\/uploads\/2025\/09\/Guillaume-Bouyt-768x740.png 768w, https:\/\/www.i2en.fr\/wp-content\/uploads\/2025\/09\/Guillaume-Bouyt.png 978w\" sizes=\"(max-width: 300px) 100vw, 300px\" \/>\t\t\t\t\t\t\t\t<\/div>\n\t\t\t\t\t\t\t\n\t\t\t\t\t\t\t<div class=\"ekit-team-modal-info has-img\">\n\t\t\t\t\t\t\t\t<h2 class=\"ekit-team-modal-title\">Guillaume Bouyt<\/h2>\n\t\t\t\t\t\t\t\t<p class=\"ekit-team-modal-position\">Deputy Director of Nuclear Industry (DGEC)<\/p>\n\n\t\t\t\t\t\t\t\t<div class=\"ekit-team-modal-content\">\n\t\t\t\t\t\t\t\t\tGuillaume Bouyt, an engineer of the Paris School of Mines, has held the position of Deputy Director of the Nuclear Industry at the Directorate General for Energy and Climate (DGEC) in the Ministry of Ecological Transition since 2024. In this role, he leads public policy for the French nuclear sector, overseeing key stakeholders and representing the ministry in various national and international bodies. As a board member of the French Alternative Energies and Atomic Energy Commission (CEA), he plays a key role in the consultation, regulation, and strategic development of the nuclear sector in France.  \t\t\t\t\t\t\t\t<\/div>\n\n\t\t\t\t\t\t\t\t\n\t\t\t\t\t\t\t\t\t\t\t\t\t\t\t<\/div>\n\t\t\t\t\t\t<\/div>\n\t\t\t\t\t<\/div>\n\t\t\t\t<\/div>\n\t\t\t<\/div>\n\t\t\t\t<\/div>\t\t\t\t<\/div>\n\t\t\t\t<\/div>\n\t\t\t\t<div class=\"elementor-element elementor-element-89c7df7 elementor-widget elementor-widget-elementskit-team\" data-id=\"89c7df7\" data-element_type=\"widget\" data-e-type=\"widget\" data-widget_type=\"elementskit-team.default\">\n\t\t\t\t<div class=\"elementor-widget-container\">\n\t\t\t\t\t<div class=\"ekit-wid-con\">\t\t\t\t\t\t\t\t\n\t\t<div class=\"profile-card elementor-animation- text-center ekit-team-style-default\">\n\t\t\t\t\t\t\t<a aria-label=\"profile\" href=\"javascript:void(0)\" data-mfp-src=\"#ekit_team_modal_89c7df7_6000\" class=\"ekit-team-popup\">\n\t\t\t\n\t\t\t\t<div class=\"profile-header ekit-team-img ekit-img-overlay ekit-team-img-block\"  data-toggle=\"modal\" data-target=\"ekit_team_modal_#89c7df7_6000\" >\n\t\t\t\t\t<img loading=\"lazy\" decoding=\"async\" width=\"152\" height=\"179\" src=\"https:\/\/www.i2en.fr\/wp-content\/uploads\/2025\/10\/Jean-Paul-Daubard.png\" class=\"attachment-medium size-medium wp-image-6560\" alt=\"\" \/>\t\t\t\t<\/div><!-- .profile-header END -->\n\t\t\t\t\t\t\t<\/a>\n\t\t\t\n\n\t\t\t\t<div class=\"profile-body\">\n\t\t\t\t\t\n\t\t\t\t\t<h2 class=\"profile-title\">\n\t\t\t\t\t\t\t\t\t\t\t<a aria-label=\"profile\" href=\"javascript:void(0)\" data-mfp-src=\"#ekit_team_modal_89c7df7_6000\" class=\"ekit-team-popup\">\n\t\t\t\t\t\tJean-Paul Daubard\t\t\t\t\t\t<\/a>\n\t\t\t\t\t\t\t\t\t\t\t<\/h2>\n\t\t\t\t\t<p class=\"profile-designation\">Director of ASNR Academy (ASNR)<\/p>\n\t\t\t\t\t\t\t\t\t<\/div><!-- .profile-body END -->\n\n\t\t\t\t\t\t\t\t<\/div>\n\t\t\t\t\t\t\t\n\t\t\t\n\t\t\t\t\t<div class=\"zoom-anim-dialog mfp-hide elementskit-team-popup team-popup-id-89c7df7\" id=\"ekit_team_modal_89c7df7_6000\" tabindex=\"-1\" role=\"dialog\" aria-modal=\"true\">\n\t\t\t\t<div class=\"modal-dialog modal-dialog-centered\" role=\"document\">\n\t\t\t\t\t<div class=\"modal-content\">\n\t\t\t\t\t\t<button type=\"button\" class=\"ekit-team-modal-close\">\n\t\t\t\t\t\t\t<svg aria-hidden=\"true\" class=\"e-font-icon-svg e-fas-times\" viewBox=\"0 0 352 512\" xmlns=\"http:\/\/www.w3.org\/2000\/svg\"><path d=\"M242.72 256l100.07-100.07c12.28-12.28 12.28-32.19 0-44.48l-22.24-22.24c-12.28-12.28-32.19-12.28-44.48 0L176 189.28 75.93 89.21c-12.28-12.28-32.19-12.28-44.48 0L9.21 111.45c-12.28 12.28-12.28 32.19 0 44.48L109.28 256 9.21 356.07c-12.28 12.28-12.28 32.19 0 44.48l22.24 22.24c12.28 12.28 32.2 12.28 44.48 0L176 322.72l100.07 100.07c12.28 12.28 32.2 12.28 44.48 0l22.24-22.24c12.28-12.28 12.28-32.19 0-44.48L242.72 256z\"><\/path><\/svg>\t\t\t\t\t\t<\/button>\n\n\t\t\t\t\t\t<div class=\"modal-body\">\n\t\t\t\t\t\t\t\t\t\t\t\t\t\t\t<div class=\"ekit-team-modal-img\">\n\t\t\t\t\t\t\t\t\t<img loading=\"lazy\" decoding=\"async\" width=\"152\" height=\"179\" src=\"https:\/\/www.i2en.fr\/wp-content\/uploads\/2025\/10\/Jean-Paul-Daubard.png\" class=\"attachment-medium size-medium wp-image-6560\" alt=\"\" \/>\t\t\t\t\t\t\t\t<\/div>\n\t\t\t\t\t\t\t\n\t\t\t\t\t\t\t<div class=\"ekit-team-modal-info has-img\">\n\t\t\t\t\t\t\t\t<h2 class=\"ekit-team-modal-title\">Jean-Paul Daubard<\/h2>\n\t\t\t\t\t\t\t\t<p class=\"ekit-team-modal-position\">Director of ASNR Academy (ASNR)<\/p>\n\n\t\t\t\t\t\t\t\t<div class=\"ekit-team-modal-content\">\n\t\t\t\t\t\t\t\t\tJean-Paul Daubard has been in charge of the University of Nuclear Safety and Radiation Protection within the ASNR since January 2025. The mission of this university is to preserve, secure, share, and transmit knowledge, particularly through professional training. It also promotes knowledge and skills externally by providing open access to scientific publications, publishing books, and teaching. Since 2019, he has contributed to the work of standing expert groups for the Nuclear Safety Authority (ASN) and subsequently for the ASNR.<br>In recent years, he has utilized his experience to develop knowledge management systems that enhance the use of available knowledge, foster collaboration, support sharing within communities of practice, and facilitate intergenerational transmission. He has been a member of the CoP1 association since 2021.    \n\nAn engineer in energy engineering and a graduate of INSA Lyon in 1988, Jean-Paul Daubard has spent the majority of his career at the Institute for Radioprotection and Nuclear Safety (IRSN), a research and expertise organization focused on nuclear and radiological risks. At IRSN, he has held various expert and managerial roles across different areas of nuclear facility safety \u2014 from the fuel cycle to reactors \u2014 taking into account both the organizational and human dimensions of safety. \t\t\t\t\t\t\t\t<\/div>\n\n\t\t\t\t\t\t\t\t\n\t\t\t\t\t\t\t\t\t\t\t\t\t\t\t<\/div>\n\t\t\t\t\t\t<\/div>\n\t\t\t\t\t<\/div>\n\t\t\t\t<\/div>\n\t\t\t<\/div>\n\t\t\t\t<\/div>\t\t\t\t<\/div>\n\t\t\t\t<\/div>\n\t\t\t\t<div class=\"elementor-element elementor-element-d87b32f elementor-widget elementor-widget-elementskit-team\" data-id=\"d87b32f\" data-element_type=\"widget\" data-e-type=\"widget\" data-widget_type=\"elementskit-team.default\">\n\t\t\t\t<div class=\"elementor-widget-container\">\n\t\t\t\t\t<div class=\"ekit-wid-con\">\t\t\t\t\t\t\t\t\n\t\t<div class=\"profile-card elementor-animation- text-center ekit-team-style-default\">\n\t\t\t\t\t\t\t<a aria-label=\"profile\" href=\"javascript:void(0)\" data-mfp-src=\"#ekit_team_modal_d87b32f_6000\" class=\"ekit-team-popup\">\n\t\t\t\n\t\t\t\t<div class=\"profile-header ekit-team-img ekit-img-overlay ekit-team-img-block\"  data-toggle=\"modal\" data-target=\"ekit_team_modal_#d87b32f_6000\" >\n\t\t\t\t\t<img loading=\"lazy\" decoding=\"async\" width=\"276\" height=\"300\" src=\"https:\/\/www.i2en.fr\/wp-content\/uploads\/2025\/09\/Falgoux-276x300.png\" class=\"attachment-medium size-medium wp-image-6058\" alt=\"Jean-Louis Falgoux\" srcset=\"https:\/\/www.i2en.fr\/wp-content\/uploads\/2025\/09\/Falgoux-276x300.png 276w, https:\/\/www.i2en.fr\/wp-content\/uploads\/2025\/09\/Falgoux-941x1024.png 941w, https:\/\/www.i2en.fr\/wp-content\/uploads\/2025\/09\/Falgoux-768x836.png 768w, https:\/\/www.i2en.fr\/wp-content\/uploads\/2025\/09\/Falgoux.png 969w\" sizes=\"(max-width: 276px) 100vw, 276px\" \/>\t\t\t\t<\/div><!-- .profile-header END -->\n\t\t\t\t\t\t\t<\/a>\n\t\t\t\n\n\t\t\t\t<div class=\"profile-body\">\n\t\t\t\t\t\n\t\t\t\t\t<h2 class=\"profile-title\">\n\t\t\t\t\t\t\t\t\t\t\t<a aria-label=\"profile\" href=\"javascript:void(0)\" data-mfp-src=\"#ekit_team_modal_d87b32f_6000\" class=\"ekit-team-popup\">\n\t\t\t\t\t\tJean-Louis Falgoux\t\t\t\t\t\t<\/a>\n\t\t\t\t\t\t\t\t\t\t\t<\/h2>\n\t\t\t\t\t<p class=\"profile-designation\">Director of the Nuclear Market (Bureau Veritas)<\/p>\n\t\t\t\t\t\t\t\t\t<\/div><!-- .profile-body END -->\n\n\t\t\t\t\t\t\t\t<\/div>\n\t\t\t\t\t\t\t\n\t\t\t\n\t\t\t\t\t<div class=\"zoom-anim-dialog mfp-hide elementskit-team-popup team-popup-id-d87b32f\" id=\"ekit_team_modal_d87b32f_6000\" tabindex=\"-1\" role=\"dialog\" aria-modal=\"true\">\n\t\t\t\t<div class=\"modal-dialog modal-dialog-centered\" role=\"document\">\n\t\t\t\t\t<div class=\"modal-content\">\n\t\t\t\t\t\t<button type=\"button\" class=\"ekit-team-modal-close\">\n\t\t\t\t\t\t\t<svg aria-hidden=\"true\" class=\"e-font-icon-svg e-fas-times\" viewBox=\"0 0 352 512\" xmlns=\"http:\/\/www.w3.org\/2000\/svg\"><path d=\"M242.72 256l100.07-100.07c12.28-12.28 12.28-32.19 0-44.48l-22.24-22.24c-12.28-12.28-32.19-12.28-44.48 0L176 189.28 75.93 89.21c-12.28-12.28-32.19-12.28-44.48 0L9.21 111.45c-12.28 12.28-12.28 32.19 0 44.48L109.28 256 9.21 356.07c-12.28 12.28-12.28 32.19 0 44.48l22.24 22.24c12.28 12.28 32.2 12.28 44.48 0L176 322.72l100.07 100.07c12.28 12.28 32.2 12.28 44.48 0l22.24-22.24c12.28-12.28 12.28-32.19 0-44.48L242.72 256z\"><\/path><\/svg>\t\t\t\t\t\t<\/button>\n\n\t\t\t\t\t\t<div class=\"modal-body\">\n\t\t\t\t\t\t\t\t\t\t\t\t\t\t\t<div class=\"ekit-team-modal-img\">\n\t\t\t\t\t\t\t\t\t<img loading=\"lazy\" decoding=\"async\" width=\"276\" height=\"300\" src=\"https:\/\/www.i2en.fr\/wp-content\/uploads\/2025\/09\/Falgoux-276x300.png\" class=\"attachment-medium size-medium wp-image-6058\" alt=\"Jean-Louis Falgoux\" srcset=\"https:\/\/www.i2en.fr\/wp-content\/uploads\/2025\/09\/Falgoux-276x300.png 276w, https:\/\/www.i2en.fr\/wp-content\/uploads\/2025\/09\/Falgoux-941x1024.png 941w, https:\/\/www.i2en.fr\/wp-content\/uploads\/2025\/09\/Falgoux-768x836.png 768w, https:\/\/www.i2en.fr\/wp-content\/uploads\/2025\/09\/Falgoux.png 969w\" sizes=\"(max-width: 276px) 100vw, 276px\" \/>\t\t\t\t\t\t\t\t<\/div>\n\t\t\t\t\t\t\t\n\t\t\t\t\t\t\t<div class=\"ekit-team-modal-info has-img\">\n\t\t\t\t\t\t\t\t<h2 class=\"ekit-team-modal-title\">Jean-Louis Falgoux<\/h2>\n\t\t\t\t\t\t\t\t<p class=\"ekit-team-modal-position\">Director of the Nuclear Market (Bureau Veritas)<\/p>\n\n\t\t\t\t\t\t\t\t<div class=\"ekit-team-modal-content\">\n\t\t\t\t\t\t\t\t\tJean-Louis Falgoux is the Nuclear Market Director at Bureau Veritas. In his role, he oversees the group's activities in the atomic energy sector, where Bureau Veritas is a leading provider of testing, inspection, and certification services. His expertise is leveraged to support clients at every stage of nuclear projects, from design to decommissioning. He actively participates in the work of various professional organizations, such as GIFEN and I2EN, contributing to the development and promotion of quality and safety standards in the sector. His track record is recognized for his significant contributions to operational excellence and compliance in the nuclear industry.    \t\t\t\t\t\t\t\t<\/div>\n\n\t\t\t\t\t\t\t\t\n\t\t\t\t\t\t\t\t\t\t\t\t\t\t\t<\/div>\n\t\t\t\t\t\t<\/div>\n\t\t\t\t\t<\/div>\n\t\t\t\t<\/div>\n\t\t\t<\/div>\n\t\t\t\t<\/div>\t\t\t\t<\/div>\n\t\t\t\t<\/div>\n\t\t\t\t<div class=\"elementor-element elementor-element-6caf19e elementor-widget elementor-widget-elementskit-team\" data-id=\"6caf19e\" data-element_type=\"widget\" data-e-type=\"widget\" data-widget_type=\"elementskit-team.default\">\n\t\t\t\t<div class=\"elementor-widget-container\">\n\t\t\t\t\t<div class=\"ekit-wid-con\">\t\t\t\t\t\t\t\t\n\t\t<div class=\"profile-card elementor-animation- text-center ekit-team-style-default\">\n\t\t\t\t\t\t\t<a aria-label=\"profile\" href=\"javascript:void(0)\" data-mfp-src=\"#ekit_team_modal_6caf19e_6000\" class=\"ekit-team-popup\">\n\t\t\t\n\t\t\t\t<div class=\"profile-header ekit-team-img ekit-img-overlay ekit-team-img-block\"  data-toggle=\"modal\" data-target=\"ekit_team_modal_#6caf19e_6000\" >\n\t\t\t\t\t<img loading=\"lazy\" decoding=\"async\" width=\"274\" height=\"300\" src=\"https:\/\/www.i2en.fr\/wp-content\/uploads\/2025\/09\/Jean-Louis-Falconie-274x300.png\" class=\"attachment-medium size-medium wp-image-6152\" alt=\"\" srcset=\"https:\/\/www.i2en.fr\/wp-content\/uploads\/2025\/09\/Jean-Louis-Falconie-274x300.png 274w, https:\/\/www.i2en.fr\/wp-content\/uploads\/2025\/09\/Jean-Louis-Falconie.png 678w\" sizes=\"(max-width: 274px) 100vw, 274px\" \/>\t\t\t\t<\/div><!-- .profile-header END -->\n\t\t\t\t\t\t\t<\/a>\n\t\t\t\n\n\t\t\t\t<div class=\"profile-body\">\n\t\t\t\t\t\n\t\t\t\t\t<h2 class=\"profile-title\">\n\t\t\t\t\t\t\t\t\t\t\t<a aria-label=\"profile\" href=\"javascript:void(0)\" data-mfp-src=\"#ekit_team_modal_6caf19e_6000\" class=\"ekit-team-popup\">\n\t\t\t\t\t\tJean-Louis Falconi\t\t\t\t\t\t<\/a>\n\t\t\t\t\t\t\t\t\t\t\t<\/h2>\n\t\t\t\t\t<p class=\"profile-designation\">Director of International Relations (CEA)<\/p>\n\t\t\t\t\t\t\t\t\t<\/div><!-- .profile-body END -->\n\n\t\t\t\t\t\t\t\t<\/div>\n\t\t\t\t\t\t\t\n\t\t\t\n\t\t\t\t\t<div class=\"zoom-anim-dialog mfp-hide elementskit-team-popup team-popup-id-6caf19e\" id=\"ekit_team_modal_6caf19e_6000\" tabindex=\"-1\" role=\"dialog\" aria-modal=\"true\">\n\t\t\t\t<div class=\"modal-dialog modal-dialog-centered\" role=\"document\">\n\t\t\t\t\t<div class=\"modal-content\">\n\t\t\t\t\t\t<button type=\"button\" class=\"ekit-team-modal-close\">\n\t\t\t\t\t\t\t<svg aria-hidden=\"true\" class=\"e-font-icon-svg e-fas-times\" viewBox=\"0 0 352 512\" xmlns=\"http:\/\/www.w3.org\/2000\/svg\"><path d=\"M242.72 256l100.07-100.07c12.28-12.28 12.28-32.19 0-44.48l-22.24-22.24c-12.28-12.28-32.19-12.28-44.48 0L176 189.28 75.93 89.21c-12.28-12.28-32.19-12.28-44.48 0L9.21 111.45c-12.28 12.28-12.28 32.19 0 44.48L109.28 256 9.21 356.07c-12.28 12.28-12.28 32.19 0 44.48l22.24 22.24c12.28 12.28 32.2 12.28 44.48 0L176 322.72l100.07 100.07c12.28 12.28 32.2 12.28 44.48 0l22.24-22.24c12.28-12.28 12.28-32.19 0-44.48L242.72 256z\"><\/path><\/svg>\t\t\t\t\t\t<\/button>\n\n\t\t\t\t\t\t<div class=\"modal-body\">\n\t\t\t\t\t\t\t\t\t\t\t\t\t\t\t<div class=\"ekit-team-modal-img\">\n\t\t\t\t\t\t\t\t\t<img loading=\"lazy\" decoding=\"async\" width=\"274\" height=\"300\" src=\"https:\/\/www.i2en.fr\/wp-content\/uploads\/2025\/09\/Jean-Louis-Falconie-274x300.png\" class=\"attachment-medium size-medium wp-image-6152\" alt=\"\" srcset=\"https:\/\/www.i2en.fr\/wp-content\/uploads\/2025\/09\/Jean-Louis-Falconie-274x300.png 274w, https:\/\/www.i2en.fr\/wp-content\/uploads\/2025\/09\/Jean-Louis-Falconie.png 678w\" sizes=\"(max-width: 274px) 100vw, 274px\" \/>\t\t\t\t\t\t\t\t<\/div>\n\t\t\t\t\t\t\t\n\t\t\t\t\t\t\t<div class=\"ekit-team-modal-info has-img\">\n\t\t\t\t\t\t\t\t<h2 class=\"ekit-team-modal-title\">Jean-Louis Falconi<\/h2>\n\t\t\t\t\t\t\t\t<p class=\"ekit-team-modal-position\">Director of International Relations (CEA)<\/p>\n\n\t\t\t\t\t\t\t\t<div class=\"ekit-team-modal-content\">\n\t\t\t\t\t\t\t\t\tJean-Louis Falconi is the Director of International Relations at the CEA and serves as the Governor for France at the International Atomic Energy Agency (IAEA). His career is distinguished by extensive diplomatic experience, notably with the Ministry of Foreign Affairs, the European Commission, and as France\u2019s ambassador to various international organizations. Since 2019, he has also been the Ambassador Extraordinary and Plenipotentiary of France to Serbia. At the CEA, he plays a key role in shaping and implementing international policies related to research, development, and innovation in civil nuclear energy and low-carbon energies. He is renowned for his expertise in international relations and strategic negotiations in the nuclear sector.     \t\t\t\t\t\t\t\t<\/div>\n\n\t\t\t\t\t\t\t\t\n\t\t\t\t\t\t\t\t\t\t\t\t\t\t\t<\/div>\n\t\t\t\t\t\t<\/div>\n\t\t\t\t\t<\/div>\n\t\t\t\t<\/div>\n\t\t\t<\/div>\n\t\t\t\t<\/div>\t\t\t\t<\/div>\n\t\t\t\t<\/div>\n\t\t\t\t<div class=\"elementor-element elementor-element-b99ab6b elementor-widget elementor-widget-elementskit-team\" data-id=\"b99ab6b\" data-element_type=\"widget\" data-e-type=\"widget\" data-widget_type=\"elementskit-team.default\">\n\t\t\t\t<div class=\"elementor-widget-container\">\n\t\t\t\t\t<div class=\"ekit-wid-con\">\t\t\t\t\t\t\t\t\n\t\t<div class=\"profile-card elementor-animation- text-center ekit-team-style-default\">\n\t\t\t\t\t\t\t<a aria-label=\"profile\" href=\"javascript:void(0)\" data-mfp-src=\"#ekit_team_modal_b99ab6b_6000\" class=\"ekit-team-popup\">\n\t\t\t\n\t\t\t\t<div class=\"profile-header ekit-team-img ekit-img-overlay ekit-team-img-block\"  data-toggle=\"modal\" data-target=\"ekit_team_modal_#b99ab6b_6000\" >\n\t\t\t\t\t<img loading=\"lazy\" decoding=\"async\" width=\"300\" height=\"300\" src=\"https:\/\/www.i2en.fr\/wp-content\/uploads\/2025\/10\/Sebastien-Farin-1-300x300.png\" class=\"attachment-medium size-medium wp-image-6547\" alt=\"\" srcset=\"https:\/\/www.i2en.fr\/wp-content\/uploads\/2025\/10\/Sebastien-Farin-1-300x300.png 300w, https:\/\/www.i2en.fr\/wp-content\/uploads\/2025\/10\/Sebastien-Farin-1-150x150.png 150w, https:\/\/www.i2en.fr\/wp-content\/uploads\/2025\/10\/Sebastien-Farin-1.png 800w\" sizes=\"(max-width: 300px) 100vw, 300px\" \/>\t\t\t\t<\/div><!-- .profile-header END -->\n\t\t\t\t\t\t\t<\/a>\n\t\t\t\n\n\t\t\t\t<div class=\"profile-body\">\n\t\t\t\t\t\n\t\t\t\t\t<h2 class=\"profile-title\">\n\t\t\t\t\t\t\t\t\t\t\t<a aria-label=\"profile\" href=\"javascript:void(0)\" data-mfp-src=\"#ekit_team_modal_b99ab6b_6000\" class=\"ekit-team-popup\">\n\t\t\t\t\t\tS\u00e9bastien Farin\t\t\t\t\t\t<\/a>\n\t\t\t\t\t\t\t\t\t\t\t<\/h2>\n\t\t\t\t\t<p class=\"profile-designation\">Director of Dialogues and Foresight (Andra)<\/p>\n\t\t\t\t\t\t\t\t\t<\/div><!-- .profile-body END -->\n\n\t\t\t\t\t\t\t\t<\/div>\n\t\t\t\t\t\t\t\n\t\t\t\n\t\t\t\t\t<div class=\"zoom-anim-dialog mfp-hide elementskit-team-popup team-popup-id-b99ab6b\" id=\"ekit_team_modal_b99ab6b_6000\" tabindex=\"-1\" role=\"dialog\" aria-modal=\"true\">\n\t\t\t\t<div class=\"modal-dialog modal-dialog-centered\" role=\"document\">\n\t\t\t\t\t<div class=\"modal-content\">\n\t\t\t\t\t\t<button type=\"button\" class=\"ekit-team-modal-close\">\n\t\t\t\t\t\t\t<svg aria-hidden=\"true\" class=\"e-font-icon-svg e-fas-times\" viewBox=\"0 0 352 512\" xmlns=\"http:\/\/www.w3.org\/2000\/svg\"><path d=\"M242.72 256l100.07-100.07c12.28-12.28 12.28-32.19 0-44.48l-22.24-22.24c-12.28-12.28-32.19-12.28-44.48 0L176 189.28 75.93 89.21c-12.28-12.28-32.19-12.28-44.48 0L9.21 111.45c-12.28 12.28-12.28 32.19 0 44.48L109.28 256 9.21 356.07c-12.28 12.28-12.28 32.19 0 44.48l22.24 22.24c12.28 12.28 32.2 12.28 44.48 0L176 322.72l100.07 100.07c12.28 12.28 32.2 12.28 44.48 0l22.24-22.24c12.28-12.28 12.28-32.19 0-44.48L242.72 256z\"><\/path><\/svg>\t\t\t\t\t\t<\/button>\n\n\t\t\t\t\t\t<div class=\"modal-body\">\n\t\t\t\t\t\t\t\t\t\t\t\t\t\t\t<div class=\"ekit-team-modal-img\">\n\t\t\t\t\t\t\t\t\t<img loading=\"lazy\" decoding=\"async\" width=\"300\" height=\"300\" src=\"https:\/\/www.i2en.fr\/wp-content\/uploads\/2025\/10\/Sebastien-Farin-1-300x300.png\" class=\"attachment-medium size-medium wp-image-6547\" alt=\"\" srcset=\"https:\/\/www.i2en.fr\/wp-content\/uploads\/2025\/10\/Sebastien-Farin-1-300x300.png 300w, https:\/\/www.i2en.fr\/wp-content\/uploads\/2025\/10\/Sebastien-Farin-1-150x150.png 150w, https:\/\/www.i2en.fr\/wp-content\/uploads\/2025\/10\/Sebastien-Farin-1.png 800w\" sizes=\"(max-width: 300px) 100vw, 300px\" \/>\t\t\t\t\t\t\t\t<\/div>\n\t\t\t\t\t\t\t\n\t\t\t\t\t\t\t<div class=\"ekit-team-modal-info has-img\">\n\t\t\t\t\t\t\t\t<h2 class=\"ekit-team-modal-title\">S\u00e9bastien Farin<\/h2>\n\t\t\t\t\t\t\t\t<p class=\"ekit-team-modal-position\">Director of Dialogues and Foresight (Andra)<\/p>\n\n\t\t\t\t\t\t\t\t<div class=\"ekit-team-modal-content\">\n\t\t\t\t\t\t\t\t\tS\u00e9bastien Farin has been the Director of Dialogues and Foresight at Andra since 2019, overseeing cross-functional activities including communication and societal dialogue, knowledge management (KM, intellectual property, storage memory), transformation and innovation, social sciences and humanities, and international relations. He also manages interactions with the Ethics and Society Committee of Andra's Board of Directors and the National Commission for Public Debate. \n\nWith nearly 30 years of experience in science\/society interactions on critical issues, S\u00e9bastien Farin's career began with science communication (Palais de la D\u00e9couverte, Universalis, 1997-2005) before specializing in the long-term management of radioactive waste at Andra (2006-2016 and since 2019), particularly around the Cig\u00e9o project, and in industrial risks (Ineris, 2016-2019). He is a member of the High Committee for Transparency and Information on Nuclear Safety and has contributed to university teaching in \"Risk Governance\" and \"Scientific and Technical Culture\" (University of Paris Descartes, 2014-2021). He has also actively participated in international groups such as the Forum on Stakeholder Confidence of the NEA\/OECD.  \t\t\t\t\t\t\t\t<\/div>\n\n\t\t\t\t\t\t\t\t\n\t\t\t\t\t\t\t\t\t\t\t\t\t\t\t<\/div>\n\t\t\t\t\t\t<\/div>\n\t\t\t\t\t<\/div>\n\t\t\t\t<\/div>\n\t\t\t<\/div>\n\t\t\t\t<\/div>\t\t\t\t<\/div>\n\t\t\t\t<\/div>\n\t\t\t\t<div class=\"elementor-element elementor-element-f864957 elementor-widget elementor-widget-elementskit-team\" data-id=\"f864957\" data-element_type=\"widget\" data-e-type=\"widget\" data-widget_type=\"elementskit-team.default\">\n\t\t\t\t<div class=\"elementor-widget-container\">\n\t\t\t\t\t<div class=\"ekit-wid-con\">\t\t\t\t\t\t\t\t\n\t\t<div class=\"profile-card elementor-animation- text-center ekit-team-style-default\">\n\t\t\t\t\t\t\t<a aria-label=\"profile\" href=\"javascript:void(0)\" data-mfp-src=\"#ekit_team_modal_f864957_6000\" class=\"ekit-team-popup\">\n\t\t\t\n\t\t\t\t<div class=\"profile-header ekit-team-img ekit-img-overlay ekit-team-img-block\"  data-toggle=\"modal\" data-target=\"ekit_team_modal_#f864957_6000\" >\n\t\t\t\t\t<img loading=\"lazy\" decoding=\"async\" width=\"248\" height=\"300\" src=\"https:\/\/www.i2en.fr\/wp-content\/uploads\/2025\/09\/Elodie-Laugier-1-248x300.png\" class=\"attachment-medium size-medium wp-image-6328\" alt=\"Elodie Laugier\" srcset=\"https:\/\/www.i2en.fr\/wp-content\/uploads\/2025\/09\/Elodie-Laugier-1-248x300.png 248w, https:\/\/www.i2en.fr\/wp-content\/uploads\/2025\/09\/Elodie-Laugier-1-768x930.png 768w, https:\/\/www.i2en.fr\/wp-content\/uploads\/2025\/09\/Elodie-Laugier-1.png 800w\" sizes=\"(max-width: 248px) 100vw, 248px\" \/>\t\t\t\t<\/div><!-- .profile-header END -->\n\t\t\t\t\t\t\t<\/a>\n\t\t\t\n\n\t\t\t\t<div class=\"profile-body\">\n\t\t\t\t\t\n\t\t\t\t\t<h2 class=\"profile-title\">\n\t\t\t\t\t\t\t\t\t\t\t<a aria-label=\"profile\" href=\"javascript:void(0)\" data-mfp-src=\"#ekit_team_modal_f864957_6000\" class=\"ekit-team-popup\">\n\t\t\t\t\t\t\u00c9lodie Laugier\t\t\t\t\t\t<\/a>\n\t\t\t\t\t\t\t\t\t\t\t<\/h2>\n\t\t\t\t\t<p class=\"profile-designation\">Deputy to the Assistant Director of Strategic Sectors (MEAE)<\/p>\n\t\t\t\t\t\t\t\t\t<\/div><!-- .profile-body END -->\n\n\t\t\t\t\t\t\t\t<\/div>\n\t\t\t\t\t\t\t\n\t\t\t\n\t\t\t\t\t<div class=\"zoom-anim-dialog mfp-hide elementskit-team-popup team-popup-id-f864957\" id=\"ekit_team_modal_f864957_6000\" tabindex=\"-1\" role=\"dialog\" aria-modal=\"true\">\n\t\t\t\t<div class=\"modal-dialog modal-dialog-centered\" role=\"document\">\n\t\t\t\t\t<div class=\"modal-content\">\n\t\t\t\t\t\t<button type=\"button\" class=\"ekit-team-modal-close\">\n\t\t\t\t\t\t\t<svg aria-hidden=\"true\" class=\"e-font-icon-svg e-fas-times\" viewBox=\"0 0 352 512\" xmlns=\"http:\/\/www.w3.org\/2000\/svg\"><path d=\"M242.72 256l100.07-100.07c12.28-12.28 12.28-32.19 0-44.48l-22.24-22.24c-12.28-12.28-32.19-12.28-44.48 0L176 189.28 75.93 89.21c-12.28-12.28-32.19-12.28-44.48 0L9.21 111.45c-12.28 12.28-12.28 32.19 0 44.48L109.28 256 9.21 356.07c-12.28 12.28-12.28 32.19 0 44.48l22.24 22.24c12.28 12.28 32.2 12.28 44.48 0L176 322.72l100.07 100.07c12.28 12.28 32.2 12.28 44.48 0l22.24-22.24c12.28-12.28 12.28-32.19 0-44.48L242.72 256z\"><\/path><\/svg>\t\t\t\t\t\t<\/button>\n\n\t\t\t\t\t\t<div class=\"modal-body\">\n\t\t\t\t\t\t\t\t\t\t\t\t\t\t\t<div class=\"ekit-team-modal-img\">\n\t\t\t\t\t\t\t\t\t<img loading=\"lazy\" decoding=\"async\" width=\"248\" height=\"300\" src=\"https:\/\/www.i2en.fr\/wp-content\/uploads\/2025\/09\/Elodie-Laugier-1-248x300.png\" class=\"attachment-medium size-medium wp-image-6328\" alt=\"Elodie Laugier\" srcset=\"https:\/\/www.i2en.fr\/wp-content\/uploads\/2025\/09\/Elodie-Laugier-1-248x300.png 248w, https:\/\/www.i2en.fr\/wp-content\/uploads\/2025\/09\/Elodie-Laugier-1-768x930.png 768w, https:\/\/www.i2en.fr\/wp-content\/uploads\/2025\/09\/Elodie-Laugier-1.png 800w\" sizes=\"(max-width: 248px) 100vw, 248px\" \/>\t\t\t\t\t\t\t\t<\/div>\n\t\t\t\t\t\t\t\n\t\t\t\t\t\t\t<div class=\"ekit-team-modal-info has-img\">\n\t\t\t\t\t\t\t\t<h2 class=\"ekit-team-modal-title\">\u00c9lodie Laugier<\/h2>\n\t\t\t\t\t\t\t\t<p class=\"ekit-team-modal-position\">Deputy to the Assistant Director of Strategic Sectors (MEAE)<\/p>\n\n\t\t\t\t\t\t\t\t<div class=\"ekit-team-modal-content\">\n\t\t\t\t\t\t\t\t\tElodie Laugier has been the Deputy Director of Strategic Sectors at the Directorate of Economic Diplomacy of the Ministry for Europe and Foreign Affairs since January 2025. The sub-directorate leads and coordinates the strategic and cross-cutting issues of French economic diplomacy. Its mission is to strengthen France's position in major sectors of interest, in collaboration with international partners and both public and private stakeholders. As a representative of the ministry in several forums, she plays a key role in preparing and executing France's positions on global economic and strategic issues.   \t\t\t\t\t\t\t\t<\/div>\n\n\t\t\t\t\t\t\t\t\n\t\t\t\t\t\t\t\t\t\t\t\t\t\t\t<\/div>\n\t\t\t\t\t\t<\/div>\n\t\t\t\t\t<\/div>\n\t\t\t\t<\/div>\n\t\t\t<\/div>\n\t\t\t\t<\/div>\t\t\t\t<\/div>\n\t\t\t\t<\/div>\n\t\t\t\t<div class=\"elementor-element elementor-element-7475fd4 elementor-widget elementor-widget-elementskit-team\" data-id=\"7475fd4\" data-element_type=\"widget\" data-e-type=\"widget\" data-widget_type=\"elementskit-team.default\">\n\t\t\t\t<div class=\"elementor-widget-container\">\n\t\t\t\t\t<div class=\"ekit-wid-con\">\t\t\t\t\t\t\t\t\n\t\t<div class=\"profile-card elementor-animation- text-center ekit-team-style-default\">\n\t\t\t\t\t\t\t<a aria-label=\"profile\" href=\"javascript:void(0)\" data-mfp-src=\"#ekit_team_modal_7475fd4_6000\" class=\"ekit-team-popup\">\n\t\t\t\n\t\t\t\t<div class=\"profile-header ekit-team-img ekit-img-overlay ekit-team-img-block\"  data-toggle=\"modal\" data-target=\"ekit_team_modal_#7475fd4_6000\" >\n\t\t\t\t\t<img loading=\"lazy\" decoding=\"async\" width=\"300\" height=\"265\" src=\"https:\/\/www.i2en.fr\/wp-content\/uploads\/2025\/09\/Lerminiaux-300x265.png\" class=\"attachment-medium size-medium wp-image-6160\" alt=\"Christian Lerminiaux\" srcset=\"https:\/\/www.i2en.fr\/wp-content\/uploads\/2025\/09\/Lerminiaux-300x265.png 300w, https:\/\/www.i2en.fr\/wp-content\/uploads\/2025\/09\/Lerminiaux-768x678.png 768w, https:\/\/www.i2en.fr\/wp-content\/uploads\/2025\/09\/Lerminiaux.png 773w\" sizes=\"(max-width: 300px) 100vw, 300px\" \/>\t\t\t\t<\/div><!-- .profile-header END -->\n\t\t\t\t\t\t\t<\/a>\n\t\t\t\n\n\t\t\t\t<div class=\"profile-body\">\n\t\t\t\t\t\n\t\t\t\t\t<h2 class=\"profile-title\">\n\t\t\t\t\t\t\t\t\t\t\t<a aria-label=\"profile\" href=\"javascript:void(0)\" data-mfp-src=\"#ekit_team_modal_7475fd4_6000\" class=\"ekit-team-popup\">\n\t\t\t\t\t\tChristian Lerminiaux\t\t\t\t\t\t<\/a>\n\t\t\t\t\t\t\t\t\t\t\t<\/h2>\n\t\t\t\t\t<p class=\"profile-designation\">Director of Chimie-Paristech, Vice-Pr\u00e9sident (CDEFI)<\/p>\n\t\t\t\t\t\t\t\t\t<\/div><!-- .profile-body END -->\n\n\t\t\t\t\t\t\t\t<\/div>\n\t\t\t\t\t\t\t\n\t\t\t\n\t\t\t\t\t<div class=\"zoom-anim-dialog mfp-hide elementskit-team-popup team-popup-id-7475fd4\" id=\"ekit_team_modal_7475fd4_6000\" tabindex=\"-1\" role=\"dialog\" aria-modal=\"true\">\n\t\t\t\t<div class=\"modal-dialog modal-dialog-centered\" role=\"document\">\n\t\t\t\t\t<div class=\"modal-content\">\n\t\t\t\t\t\t<button type=\"button\" class=\"ekit-team-modal-close\">\n\t\t\t\t\t\t\t<svg aria-hidden=\"true\" class=\"e-font-icon-svg e-fas-times\" viewBox=\"0 0 352 512\" xmlns=\"http:\/\/www.w3.org\/2000\/svg\"><path d=\"M242.72 256l100.07-100.07c12.28-12.28 12.28-32.19 0-44.48l-22.24-22.24c-12.28-12.28-32.19-12.28-44.48 0L176 189.28 75.93 89.21c-12.28-12.28-32.19-12.28-44.48 0L9.21 111.45c-12.28 12.28-12.28 32.19 0 44.48L109.28 256 9.21 356.07c-12.28 12.28-12.28 32.19 0 44.48l22.24 22.24c12.28 12.28 32.2 12.28 44.48 0L176 322.72l100.07 100.07c12.28 12.28 32.2 12.28 44.48 0l22.24-22.24c12.28-12.28 12.28-32.19 0-44.48L242.72 256z\"><\/path><\/svg>\t\t\t\t\t\t<\/button>\n\n\t\t\t\t\t\t<div class=\"modal-body\">\n\t\t\t\t\t\t\t\t\t\t\t\t\t\t\t<div class=\"ekit-team-modal-img\">\n\t\t\t\t\t\t\t\t\t<img loading=\"lazy\" decoding=\"async\" width=\"300\" height=\"265\" src=\"https:\/\/www.i2en.fr\/wp-content\/uploads\/2025\/09\/Lerminiaux-300x265.png\" class=\"attachment-medium size-medium wp-image-6160\" alt=\"Christian Lerminiaux\" srcset=\"https:\/\/www.i2en.fr\/wp-content\/uploads\/2025\/09\/Lerminiaux-300x265.png 300w, https:\/\/www.i2en.fr\/wp-content\/uploads\/2025\/09\/Lerminiaux-768x678.png 768w, https:\/\/www.i2en.fr\/wp-content\/uploads\/2025\/09\/Lerminiaux.png 773w\" sizes=\"(max-width: 300px) 100vw, 300px\" \/>\t\t\t\t\t\t\t\t<\/div>\n\t\t\t\t\t\t\t\n\t\t\t\t\t\t\t<div class=\"ekit-team-modal-info has-img\">\n\t\t\t\t\t\t\t\t<h2 class=\"ekit-team-modal-title\">Christian Lerminiaux<\/h2>\n\t\t\t\t\t\t\t\t<p class=\"ekit-team-modal-position\">Director of Chimie-Paristech, Vice-Pr\u00e9sident (CDEFI)<\/p>\n\n\t\t\t\t\t\t\t\t<div class=\"ekit-team-modal-content\">\n\t\t\t\t\t\t\t\t\tChristian Lerminiaux has been Vice-President of the Conference of Directors of French Engineering Schools (CDEFI) since June 2019. He also serves as the Director of Chimie ParisTech - PSL, a position he has held since September 2015, and has been President of ParisTech since 2018. Previously, he was the Director of the University of Technology of Troyes from 2004 to 2014. He holds a doctorate in atomic physics and is an agr\u00e9g\u00e9 in physics, having graduated from the \u00c9cole Normale Sup\u00e9rieure Paris-Saclay. His career also includes experience in the private sector, notably with Corning, and involvement in research and innovation. He served as President of CDEFI from 2011 to 2014 before becoming Vice-President. Christian Lerminiaux is known for his expertise in the governance of engineering schools and his commitment to advancing engineering education in France.     \t\t\t\t\t\t\t\t<\/div>\n\n\t\t\t\t\t\t\t\t\n\t\t\t\t\t\t\t\t\t\t\t\t\t\t\t<\/div>\n\t\t\t\t\t\t<\/div>\n\t\t\t\t\t<\/div>\n\t\t\t\t<\/div>\n\t\t\t<\/div>\n\t\t\t\t<\/div>\t\t\t\t<\/div>\n\t\t\t\t<\/div>\n\t\t\t\t<div class=\"elementor-element elementor-element-6e27334 elementor-widget elementor-widget-elementskit-team\" data-id=\"6e27334\" data-element_type=\"widget\" data-e-type=\"widget\" data-widget_type=\"elementskit-team.default\">\n\t\t\t\t<div class=\"elementor-widget-container\">\n\t\t\t\t\t<div class=\"ekit-wid-con\">\t\t\t\t\t\t\t\t\n\t\t<div class=\"profile-card elementor-animation- text-center ekit-team-style-default\">\n\t\t\t\t\t\t\t<a aria-label=\"profile\" href=\"javascript:void(0)\" data-mfp-src=\"#ekit_team_modal_6e27334_6000\" class=\"ekit-team-popup\">\n\t\t\t\n\t\t\t\t<div class=\"profile-header ekit-team-img ekit-img-overlay ekit-team-img-block\"  data-toggle=\"modal\" data-target=\"ekit_team_modal_#6e27334_6000\" >\n\t\t\t\t\t<img loading=\"lazy\" decoding=\"async\" width=\"300\" height=\"284\" src=\"https:\/\/www.i2en.fr\/wp-content\/uploads\/2025\/09\/Guillaume-Puravet-300x284.png\" class=\"attachment-medium size-medium wp-image-6142\" alt=\"Guillaume Puravet\" srcset=\"https:\/\/www.i2en.fr\/wp-content\/uploads\/2025\/09\/Guillaume-Puravet-300x284.png 300w, https:\/\/www.i2en.fr\/wp-content\/uploads\/2025\/09\/Guillaume-Puravet-1024x970.png 1024w, https:\/\/www.i2en.fr\/wp-content\/uploads\/2025\/09\/Guillaume-Puravet-768x727.png 768w, https:\/\/www.i2en.fr\/wp-content\/uploads\/2025\/09\/Guillaume-Puravet-1536x1455.png 1536w, https:\/\/www.i2en.fr\/wp-content\/uploads\/2025\/09\/Guillaume-Puravet-2048x1940.png 2048w\" sizes=\"(max-width: 300px) 100vw, 300px\" \/>\t\t\t\t<\/div><!-- .profile-header END -->\n\t\t\t\t\t\t\t<\/a>\n\t\t\t\n\n\t\t\t\t<div class=\"profile-body\">\n\t\t\t\t\t\n\t\t\t\t\t<h2 class=\"profile-title\">\n\t\t\t\t\t\t\t\t\t\t\t<a aria-label=\"profile\" href=\"javascript:void(0)\" data-mfp-src=\"#ekit_team_modal_6e27334_6000\" class=\"ekit-team-popup\">\n\t\t\t\t\t\tGuillaume Puravet\t\t\t\t\t\t<\/a>\n\t\t\t\t\t\t\t\t\t\t\t<\/h2>\n\t\t\t\t\t<p class=\"profile-designation\">Vice-President International (Assystem)<\/p>\n\t\t\t\t\t\t\t\t\t<\/div><!-- .profile-body END -->\n\n\t\t\t\t\t\t\t\t<\/div>\n\t\t\t\t\t\t\t\n\t\t\t\n\t\t\t\t\t<div class=\"zoom-anim-dialog mfp-hide elementskit-team-popup team-popup-id-6e27334\" id=\"ekit_team_modal_6e27334_6000\" tabindex=\"-1\" role=\"dialog\" aria-modal=\"true\">\n\t\t\t\t<div class=\"modal-dialog modal-dialog-centered\" role=\"document\">\n\t\t\t\t\t<div class=\"modal-content\">\n\t\t\t\t\t\t<button type=\"button\" class=\"ekit-team-modal-close\">\n\t\t\t\t\t\t\t<svg aria-hidden=\"true\" class=\"e-font-icon-svg e-fas-times\" viewBox=\"0 0 352 512\" xmlns=\"http:\/\/www.w3.org\/2000\/svg\"><path d=\"M242.72 256l100.07-100.07c12.28-12.28 12.28-32.19 0-44.48l-22.24-22.24c-12.28-12.28-32.19-12.28-44.48 0L176 189.28 75.93 89.21c-12.28-12.28-32.19-12.28-44.48 0L9.21 111.45c-12.28 12.28-12.28 32.19 0 44.48L109.28 256 9.21 356.07c-12.28 12.28-12.28 32.19 0 44.48l22.24 22.24c12.28 12.28 32.2 12.28 44.48 0L176 322.72l100.07 100.07c12.28 12.28 32.2 12.28 44.48 0l22.24-22.24c12.28-12.28 12.28-32.19 0-44.48L242.72 256z\"><\/path><\/svg>\t\t\t\t\t\t<\/button>\n\n\t\t\t\t\t\t<div class=\"modal-body\">\n\t\t\t\t\t\t\t\t\t\t\t\t\t\t\t<div class=\"ekit-team-modal-img\">\n\t\t\t\t\t\t\t\t\t<img loading=\"lazy\" decoding=\"async\" width=\"300\" height=\"284\" src=\"https:\/\/www.i2en.fr\/wp-content\/uploads\/2025\/09\/Guillaume-Puravet-300x284.png\" class=\"attachment-medium size-medium wp-image-6142\" alt=\"Guillaume Puravet\" srcset=\"https:\/\/www.i2en.fr\/wp-content\/uploads\/2025\/09\/Guillaume-Puravet-300x284.png 300w, https:\/\/www.i2en.fr\/wp-content\/uploads\/2025\/09\/Guillaume-Puravet-1024x970.png 1024w, https:\/\/www.i2en.fr\/wp-content\/uploads\/2025\/09\/Guillaume-Puravet-768x727.png 768w, https:\/\/www.i2en.fr\/wp-content\/uploads\/2025\/09\/Guillaume-Puravet-1536x1455.png 1536w, https:\/\/www.i2en.fr\/wp-content\/uploads\/2025\/09\/Guillaume-Puravet-2048x1940.png 2048w\" sizes=\"(max-width: 300px) 100vw, 300px\" \/>\t\t\t\t\t\t\t\t<\/div>\n\t\t\t\t\t\t\t\n\t\t\t\t\t\t\t<div class=\"ekit-team-modal-info has-img\">\n\t\t\t\t\t\t\t\t<h2 class=\"ekit-team-modal-title\">Guillaume Puravet<\/h2>\n\t\t\t\t\t\t\t\t<p class=\"ekit-team-modal-position\">Vice-President International (Assystem)<\/p>\n\n\t\t\t\t\t\t\t\t<div class=\"ekit-team-modal-content\">\n\t\t\t\t\t\t\t\t\tGuillaume Puravet is Vice President of International Energy New Build and Head of the Middle East and Central Asia region at Assystem. He has over 19 years of experience in industrial engineering and consulting, with a comprehensive career at Assystem since graduating as an engineer from ENSMM. His career has involved managing complex international projects, leading operational units, and developing key relationships with major clients such as EDF and AREVA. He oversees all international projects related to new nuclear reactors, whether involving international collaboration in France or foreign operators. Guillaume also serves as the General Manager of certain Assystem joint ventures and is co-chair of the nuclear group within Syntec Ing\u00e9nierie.    \t\t\t\t\t\t\t\t<\/div>\n\n\t\t\t\t\t\t\t\t\n\t\t\t\t\t\t\t\t\t\t\t\t\t\t\t<\/div>\n\t\t\t\t\t\t<\/div>\n\t\t\t\t\t<\/div>\n\t\t\t\t<\/div>\n\t\t\t<\/div>\n\t\t\t\t<\/div>\t\t\t\t<\/div>\n\t\t\t\t<\/div>\n\t\t\t\t<div class=\"elementor-element elementor-element-ac60f07 elementor-widget elementor-widget-elementskit-team\" data-id=\"ac60f07\" data-element_type=\"widget\" data-e-type=\"widget\" data-widget_type=\"elementskit-team.default\">\n\t\t\t\t<div class=\"elementor-widget-container\">\n\t\t\t\t\t<div class=\"ekit-wid-con\">\t\t\t\t\t\t\t\t\n\t\t<div class=\"profile-card elementor-animation- text-center ekit-team-style-default\">\n\t\t\t\t\t\t\t<a aria-label=\"profile\" href=\"javascript:void(0)\" data-mfp-src=\"#ekit_team_modal_ac60f07_6000\" class=\"ekit-team-popup\">\n\t\t\t\n\t\t\t\t<div class=\"profile-header ekit-team-img ekit-img-overlay ekit-team-img-block\"  data-toggle=\"modal\" data-target=\"ekit_team_modal_#ac60f07_6000\" >\n\t\t\t\t\t<img loading=\"lazy\" decoding=\"async\" width=\"236\" height=\"235\" src=\"https:\/\/www.i2en.fr\/wp-content\/uploads\/2025\/09\/Roy.png\" class=\"attachment-medium size-medium wp-image-6158\" alt=\"Christelle Roy\" srcset=\"https:\/\/www.i2en.fr\/wp-content\/uploads\/2025\/09\/Roy.png 236w, https:\/\/www.i2en.fr\/wp-content\/uploads\/2025\/09\/Roy-150x150.png 150w\" sizes=\"(max-width: 236px) 100vw, 236px\" \/>\t\t\t\t<\/div><!-- .profile-header END -->\n\t\t\t\t\t\t\t<\/a>\n\t\t\t\n\n\t\t\t\t<div class=\"profile-body\">\n\t\t\t\t\t\n\t\t\t\t\t<h2 class=\"profile-title\">\n\t\t\t\t\t\t\t\t\t\t\t<a aria-label=\"profile\" href=\"javascript:void(0)\" data-mfp-src=\"#ekit_team_modal_ac60f07_6000\" class=\"ekit-team-popup\">\n\t\t\t\t\t\tChristelle Roy\t\t\t\t\t\t<\/a>\n\t\t\t\t\t\t\t\t\t\t\t<\/h2>\n\t\t\t\t\t<p class=\"profile-designation\">Director of Nuclear and Particles Section (CNRS)<\/p>\n\t\t\t\t\t\t\t\t\t<\/div><!-- .profile-body END -->\n\n\t\t\t\t\t\t\t\t<\/div>\n\t\t\t\t\t\t\t\n\t\t\t\n\t\t\t\t\t<div class=\"zoom-anim-dialog mfp-hide elementskit-team-popup team-popup-id-ac60f07\" id=\"ekit_team_modal_ac60f07_6000\" tabindex=\"-1\" role=\"dialog\" aria-modal=\"true\">\n\t\t\t\t<div class=\"modal-dialog modal-dialog-centered\" role=\"document\">\n\t\t\t\t\t<div class=\"modal-content\">\n\t\t\t\t\t\t<button type=\"button\" class=\"ekit-team-modal-close\">\n\t\t\t\t\t\t\t<svg aria-hidden=\"true\" class=\"e-font-icon-svg e-fas-times\" viewBox=\"0 0 352 512\" xmlns=\"http:\/\/www.w3.org\/2000\/svg\"><path d=\"M242.72 256l100.07-100.07c12.28-12.28 12.28-32.19 0-44.48l-22.24-22.24c-12.28-12.28-32.19-12.28-44.48 0L176 189.28 75.93 89.21c-12.28-12.28-32.19-12.28-44.48 0L9.21 111.45c-12.28 12.28-12.28 32.19 0 44.48L109.28 256 9.21 356.07c-12.28 12.28-12.28 32.19 0 44.48l22.24 22.24c12.28 12.28 32.2 12.28 44.48 0L176 322.72l100.07 100.07c12.28 12.28 32.2 12.28 44.48 0l22.24-22.24c12.28-12.28 12.28-32.19 0-44.48L242.72 256z\"><\/path><\/svg>\t\t\t\t\t\t<\/button>\n\n\t\t\t\t\t\t<div class=\"modal-body\">\n\t\t\t\t\t\t\t\t\t\t\t\t\t\t\t<div class=\"ekit-team-modal-img\">\n\t\t\t\t\t\t\t\t\t<img loading=\"lazy\" decoding=\"async\" width=\"236\" height=\"235\" src=\"https:\/\/www.i2en.fr\/wp-content\/uploads\/2025\/09\/Roy.png\" class=\"attachment-medium size-medium wp-image-6158\" alt=\"Christelle Roy\" srcset=\"https:\/\/www.i2en.fr\/wp-content\/uploads\/2025\/09\/Roy.png 236w, https:\/\/www.i2en.fr\/wp-content\/uploads\/2025\/09\/Roy-150x150.png 150w\" sizes=\"(max-width: 236px) 100vw, 236px\" \/>\t\t\t\t\t\t\t\t<\/div>\n\t\t\t\t\t\t\t\n\t\t\t\t\t\t\t<div class=\"ekit-team-modal-info has-img\">\n\t\t\t\t\t\t\t\t<h2 class=\"ekit-team-modal-title\">Christelle Roy<\/h2>\n\t\t\t\t\t\t\t\t<p class=\"ekit-team-modal-position\">Director of Nuclear and Particles Section (CNRS)<\/p>\n\n\t\t\t\t\t\t\t\t<div class=\"ekit-team-modal-content\">\n\t\t\t\t\t\t\t\t\tChristelle Roy has been the Director of CNRS Nuclear &amp; Particles, specifically the National Institute of Nuclear Physics and Particle Physics (IN2P3) of the CNRS, since February 2024. A physicist specialized in subatomic physics, she joined CNRS in 1997 and has conducted significant research at CERN, particularly on the ALICE and STAR experiments. She led the Hubert Curien Pluridisciplinary Institute in Strasbourg from 2011 to 2017, bringing together diverse disciplines. From 2017 to 2021, she served as Vice President for Strategy and Development at the University of Strasbourg, before being appointed Director of the Europe and International Directorate at CNRS from 2021 to early 2024. As a member of the scientific council of Naval Group and the Nuclear Safety Authority (ASN), she has extensive experience in the European and international coordination of research. Her work includes over 300 scientific publications.     \t\t\t\t\t\t\t\t<\/div>\n\n\t\t\t\t\t\t\t\t\n\t\t\t\t\t\t\t\t\t\t\t\t\t\t\t<\/div>\n\t\t\t\t\t\t<\/div>\n\t\t\t\t\t<\/div>\n\t\t\t\t<\/div>\n\t\t\t<\/div>\n\t\t\t\t<\/div>\t\t\t\t<\/div>\n\t\t\t\t<\/div>\n\t\t\t\t<div class=\"elementor-element elementor-element-1221c85 elementor-widget elementor-widget-elementskit-team\" data-id=\"1221c85\" data-element_type=\"widget\" data-e-type=\"widget\" data-widget_type=\"elementskit-team.default\">\n\t\t\t\t<div class=\"elementor-widget-container\">\n\t\t\t\t\t<div class=\"ekit-wid-con\">\t\t\t\t\t\t\t\t\n\t\t<div class=\"profile-card elementor-animation- text-center ekit-team-style-default\">\n\t\t\t\t\t\t\t<a aria-label=\"profile\" href=\"javascript:void(0)\" data-mfp-src=\"#ekit_team_modal_1221c85_6000\" class=\"ekit-team-popup\">\n\t\t\t\n\t\t\t\t<div class=\"profile-header ekit-team-img ekit-img-overlay ekit-team-img-block\"  data-toggle=\"modal\" data-target=\"ekit_team_modal_#1221c85_6000\" >\n\t\t\t\t\t<img loading=\"lazy\" decoding=\"async\" width=\"282\" height=\"300\" src=\"https:\/\/www.i2en.fr\/wp-content\/uploads\/2025\/09\/Jan-van-der-Lee-2025-282x300.png\" class=\"attachment-medium size-medium wp-image-6064\" alt=\"Jan van der Lee\" srcset=\"https:\/\/www.i2en.fr\/wp-content\/uploads\/2025\/09\/Jan-van-der-Lee-2025-282x300.png 282w, https:\/\/www.i2en.fr\/wp-content\/uploads\/2025\/09\/Jan-van-der-Lee-2025.png 694w\" sizes=\"(max-width: 282px) 100vw, 282px\" \/>\t\t\t\t<\/div><!-- .profile-header END -->\n\t\t\t\t\t\t\t<\/a>\n\t\t\t\n\n\t\t\t\t<div class=\"profile-body\">\n\t\t\t\t\t\n\t\t\t\t\t<h2 class=\"profile-title\">\n\t\t\t\t\t\t\t\t\t\t\t<a aria-label=\"profile\" href=\"javascript:void(0)\" data-mfp-src=\"#ekit_team_modal_1221c85_6000\" class=\"ekit-team-popup\">\n\t\t\t\t\t\tJan van der Lee\t\t\t\t\t\t<\/a>\n\t\t\t\t\t\t\t\t\t\t\t<\/h2>\n\t\t\t\t\t<p class=\"profile-designation\">Committee Secretary (I2EN)<\/p>\n\t\t\t\t\t\t\t\t\t<\/div><!-- .profile-body END -->\n\n\t\t\t\t\t\t\t\t<\/div>\n\t\t\t\t\t\t\t\n\t\t\t\n\t\t\t\t\t<div class=\"zoom-anim-dialog mfp-hide elementskit-team-popup team-popup-id-1221c85\" id=\"ekit_team_modal_1221c85_6000\" tabindex=\"-1\" role=\"dialog\" aria-modal=\"true\">\n\t\t\t\t<div class=\"modal-dialog modal-dialog-centered\" role=\"document\">\n\t\t\t\t\t<div class=\"modal-content\">\n\t\t\t\t\t\t<button type=\"button\" class=\"ekit-team-modal-close\">\n\t\t\t\t\t\t\t<svg aria-hidden=\"true\" class=\"e-font-icon-svg e-fas-times\" viewBox=\"0 0 352 512\" xmlns=\"http:\/\/www.w3.org\/2000\/svg\"><path d=\"M242.72 256l100.07-100.07c12.28-12.28 12.28-32.19 0-44.48l-22.24-22.24c-12.28-12.28-32.19-12.28-44.48 0L176 189.28 75.93 89.21c-12.28-12.28-32.19-12.28-44.48 0L9.21 111.45c-12.28 12.28-12.28 32.19 0 44.48L109.28 256 9.21 356.07c-12.28 12.28-12.28 32.19 0 44.48l22.24 22.24c12.28 12.28 32.2 12.28 44.48 0L176 322.72l100.07 100.07c12.28 12.28 32.2 12.28 44.48 0l22.24-22.24c12.28-12.28 12.28-32.19 0-44.48L242.72 256z\"><\/path><\/svg>\t\t\t\t\t\t<\/button>\n\n\t\t\t\t\t\t<div class=\"modal-body\">\n\t\t\t\t\t\t\t\t\t\t\t\t\t\t\t<div class=\"ekit-team-modal-img\">\n\t\t\t\t\t\t\t\t\t<img loading=\"lazy\" decoding=\"async\" width=\"282\" height=\"300\" src=\"https:\/\/www.i2en.fr\/wp-content\/uploads\/2025\/09\/Jan-van-der-Lee-2025-282x300.png\" class=\"attachment-medium size-medium wp-image-6064\" alt=\"Jan van der Lee\" srcset=\"https:\/\/www.i2en.fr\/wp-content\/uploads\/2025\/09\/Jan-van-der-Lee-2025-282x300.png 282w, https:\/\/www.i2en.fr\/wp-content\/uploads\/2025\/09\/Jan-van-der-Lee-2025.png 694w\" sizes=\"(max-width: 282px) 100vw, 282px\" \/>\t\t\t\t\t\t\t\t<\/div>\n\t\t\t\t\t\t\t\n\t\t\t\t\t\t\t<div class=\"ekit-team-modal-info has-img\">\n\t\t\t\t\t\t\t\t<h2 class=\"ekit-team-modal-title\">Jan van der Lee<\/h2>\n\t\t\t\t\t\t\t\t<p class=\"ekit-team-modal-position\">Committee Secretary (I2EN)<\/p>\n\n\t\t\t\t\t\t\t\t<div class=\"ekit-team-modal-content\">\n\t\t\t\t\t\t\t\t\tJan van der Lee is the Executive Director of the International Institute of Nuclear Energy (I2EN). He is recognized for his leading role in advancing education and training in the global nuclear sector. Before joining I2EN, Jan van der Lee held several leadership positions, including Vice President at EDF Inc. in the United States, where he led the innovation lab in California, and Director of the Materials Ageing Institute (MAI) in France. His expertise, including a doctorate in geochemistry applied to nuclear waste storage, makes him a key figure in promoting French nuclear industry skills and standards internationally. His work at I2EN aims to make the institute a gateway for countries wishing to benefit from French expertise in nuclear training.     \t\t\t\t\t\t\t\t<\/div>\n\n\t\t\t\t\t\t\t\t\n\t\t\t\t\t\t\t\t\t\t\t\t\t\t\t<\/div>\n\t\t\t\t\t\t<\/div>\n\t\t\t\t\t<\/div>\n\t\t\t\t<\/div>\n\t\t\t<\/div>\n\t\t\t\t<\/div>\t\t\t\t<\/div>\n\t\t\t\t<\/div>\n\t\t\t\t\t<\/div>\n\t\t\t\t<\/div>\n\t\t\t\t<\/div>\n\t\t","protected":false},"excerpt":{"rendered":"<p>Board of Directors Functioning The Board of Directors is the governing body that oversees and guides the institute&#8217;s strategy, representing the interests of its members and other stakeholders, such as partners. Its main functions are as follows: Strategic Direction: It works with the executive team to define the institute&#8217;s long-term vision, mission, and strategic objectives. [&hellip;]<\/p>\n","protected":false},"author":3,"featured_media":0,"parent":0,"menu_order":0,"comment_status":"closed","ping_status":"closed","template":"","meta":{"_acf_changed":false,"footnotes":""},"class_list":["post-6000","page","type-page","status-publish","hentry"],"acf":[],"_links":{"self":[{"href":"https:\/\/www.i2en.fr\/en\/wp-json\/wp\/v2\/pages\/6000","targetHints":{"allow":["GET"]}}],"collection":[{"href":"https:\/\/www.i2en.fr\/en\/wp-json\/wp\/v2\/pages"}],"about":[{"href":"https:\/\/www.i2en.fr\/en\/wp-json\/wp\/v2\/types\/page"}],"author":[{"embeddable":true,"href":"https:\/\/www.i2en.fr\/en\/wp-json\/wp\/v2\/users\/3"}],"replies":[{"embeddable":true,"href":"https:\/\/www.i2en.fr\/en\/wp-json\/wp\/v2\/comments?post=6000"}],"version-history":[{"count":24,"href":"https:\/\/www.i2en.fr\/en\/wp-json\/wp\/v2\/pages\/6000\/revisions"}],"predecessor-version":[{"id":6907,"href":"https:\/\/www.i2en.fr\/en\/wp-json\/wp\/v2\/pages\/6000\/revisions\/6907"}],"wp:attachment":[{"href":"https:\/\/www.i2en.fr\/en\/wp-json\/wp\/v2\/media?parent=6000"}],"curies":[{"name":"wp","href":"https:\/\/api.w.org\/{rel}","templated":true}]}}